{"id":47,"date":"2022-10-27T11:43:43","date_gmt":"2022-10-27T09:43:43","guid":{"rendered":"https:\/\/parisconcarlo.com\/es\/?page_id=47"},"modified":"2024-04-15T17:20:24","modified_gmt":"2024-04-15T15:20:24","slug":"que-ver-en-paris","status":"publish","type":"page","link":"https:\/\/parisconcarlo.com\/es\/que-ver-en-paris\/","title":{"rendered":"Qu\u00e9 ver en Par\u00eds"},"content":{"rendered":"\n<p>\u00bf<strong>Qu\u00e9 visitar en Par\u00eds<\/strong>? La respuesta puede parecer obvia, pero no es la misma para todos. De hecho, depende de algunas consideraciones: p. \u00bf<strong>Ser\u00e1 tu primera vez en Par\u00eds<\/strong>? Entonces no deber\u00edas perderte las <strong>principales atracciones, como la Torre Eiffel, el Arco del Triunfo y los Campos El\u00edseos<\/strong>, etc\u2026<\/p>\n\n\n\n<p>Si, por otro lado, ya ha estado varias veces y ya ha visto los principales lugares de inter\u00e9s, todav\u00eda hay atracciones muy interesantes como, p. <strong>las Catacumbas, la Promenade Plant\u00e9e<\/strong> o disfrute de visitas m\u00e1s profundas a <a href=\"https:\/\/parisconcarlo.com\/es\/los-15-museos-de-paris-imperdibles\/\">los museos<\/a> o incluso visite las atracciones cerca de Par\u00eds como <strong>Versalles, Mont St. Michel, los Castillos del Loira<\/strong>, etc.<\/p>\n\n\n\n<p>\u00bf<strong>Cu\u00e1nto durar\u00e1n tus vacaciones<\/strong>? La mayor\u00eda de la gente va a Par\u00eds <strong>durante unos 4 d\u00edas<\/strong>, as\u00ed que en este caso necesitas planificar bien tu tiempo y por eso he creado los <strong>itinerarios gratuitos<\/strong> que puedes leer a continuaci\u00f3n y descargar en pdf si quieres. <\/p>\n\n\n<style>.kb-table-of-content-nav.kb-table-of-content-id_2f54b1-3c .kb-table-of-content-wrap{padding-top:var(--global-kb-spacing-sm, 1.5rem);padding-right:var(--global-kb-spacing-sm, 1.5rem);padding-bottom:var(--global-kb-spacing-sm, 1.5rem);padding-left:var(--global-kb-spacing-sm, 1.5rem);background-color:#f2d115;}.kb-table-of-content-nav.kb-table-of-content-id_2f54b1-3c .kb-table-of-contents-title-wrap{padding-top:0px;padding-right:0px;padding-bottom:0px;padding-left:0px;}.kb-table-of-content-nav.kb-table-of-content-id_2f54b1-3c .kb-table-of-contents-title{font-weight:regular;font-style:normal;}.kb-table-of-content-nav.kb-table-of-content-id_2f54b1-3c .kb-table-of-content-wrap .kb-table-of-content-list{font-weight:regular;font-style:normal;margin-top:var(--global-kb-spacing-sm, 1.5rem);margin-right:0px;margin-bottom:0px;margin-left:0px;}.kb-table-of-content-nav.kb-table-of-content-id_2f54b1-3c .kb-toggle-icon-style-basiccircle .kb-table-of-contents-icon-trigger:after, .kb-table-of-content-nav.kb-table-of-content-id_2f54b1-3c .kb-toggle-icon-style-basiccircle .kb-table-of-contents-icon-trigger:before, .kb-table-of-content-nav.kb-table-of-content-id_2f54b1-3c .kb-toggle-icon-style-arrowcircle .kb-table-of-contents-icon-trigger:after, .kb-table-of-content-nav.kb-table-of-content-id_2f54b1-3c .kb-toggle-icon-style-arrowcircle .kb-table-of-contents-icon-trigger:before, .kb-table-of-content-nav.kb-table-of-content-id_2f54b1-3c .kb-toggle-icon-style-xclosecircle .kb-table-of-contents-icon-trigger:after, .kb-table-of-content-nav.kb-table-of-content-id_2f54b1-3c .kb-toggle-icon-style-xclosecircle .kb-table-of-contents-icon-trigger:before{background-color:#f2d115;}<\/style>\n\n\n<h2 class=\"wp-block-heading\">10 cosas para ver absolutamente en Par\u00eds<\/h2>\n\n\n\n<p>Especialmente si es tu primera vez en Par\u00eds, hay algunas atracciones que no debes perderte, <strong>10 atracciones conocidas en todo el mundo<\/strong>, que hacen de Par\u00eds una de las ciudades m\u00e1s visitadas del mundo.<\/p>\n\n\n\n<p><a class=\"enlace-amigo\" href=\"https:\/\/parisconcarlo.com\/es\/10-cosas-que-ver-en-paris\/\"><span class=\"cell\">10 cosas qu\u00e9 ver en Par\u00eds <\/span><span class=\"cell\"><span class=\"button\">Leer mas<\/span><\/span><\/a><\/p>\n\n\n\n<h2 class=\"wp-block-heading\">9 cosas para hacer gratis<\/h2>\n\n\n\n<p>Par\u00eds es considerada por muchos como una de las <strong>ciudades m\u00e1s caras para visitar<\/strong>, pero en este art\u00edculo te mostrar\u00e9 9 categor\u00edas de cosas que hacer en las que no gastar\u00e1s ni un euro.<\/p>\n\n\n\n<p>Desde los museos m\u00e1s hermosos del mundo hasta los parques de la ciudad, donde puedes ver los panoramas m\u00e1s hermosos, descubrir\u00e1s que Par\u00eds es hermosa incluso gratis.<\/p>\n\n\n\n<p><a class=\"enlace-amigo\" href=\"https:\/\/parisconcarlo.com\/es\/cosas-gratis-para-hacer-en-paris\/\"><span class=\"cell\">9 cosas qu\u00e9 hacer en Par\u00eds <\/span><span class=\"cell\"><span class=\"button\">Leer mas<\/span><\/span><\/a><\/p>\n\n\n\n<h2 class=\"wp-block-heading\">Qu\u00e9 ver en Par\u00eds en 4 d\u00edas<\/h2>\n\n\n\n<p>Si tienes cuatro d\u00edas para dedicar a tu viaje a Par\u00eds, te propongo este itinerario de 4 d\u00edas que te llevar\u00e1 a descubrir algo m\u00e1s.<\/p>\n\n\n\n<p>Incluso 4 d\u00edas no son suficientes para ver todas las atracciones principales de la ciudad y, sobre todo, para poder salir de Par\u00eds y visitar el Palacio de Versalles.<\/p>\n\n\n\n<p>Estas son las cosas que te llevar\u00e9 a ver en 4 d\u00edas:<\/p>\n\n\n\n<ul class=\"wp-block-list\">\n<li><strong>D\u00eda 1<\/strong>: Ile de la Cit\u00e9, Notre Dame, Sainte Chapelle, Conciergerie, Ile St. Louis, Le Marais, Place des Vosges, Museo Picasso.<\/li>\n\n\n\n<li><strong>D\u00eda 2<\/strong>: Museo del Louvre, Jardines des Tuileries, Place de la Concorde, Champs-Elys\u00e9es, Arc de Triomphe<\/li>\n\n\n\n<li><strong>D\u00eda 3<\/strong>: Mus\u00e9e d&#8217;Orsay, Invalides, Torre Eiffel, Trocadero, Crucero por el Sena<\/li>\n\n\n\n<li><strong>D\u00eda 4<\/strong>: Montmartre, Bas\u00edlica del Sagrado Coraz\u00f3n, Museo de Montmartre, Pigalle, Moulin Rouge<\/li>\n<\/ul>\n\n\n\n<p><a class=\"enlace-amigo\" href=\"https:\/\/parisconcarlo.com\/es\/que-ver-en-paris-en-4-dias\/\"><span class=\"cell\">Qu\u00e9 ver en Par\u00eds en 4 d\u00edas <\/span><span class=\"cell\"><span class=\"button\">Leer mas<\/span><\/span><\/a><\/p>\n\n\n\n<h2 class=\"wp-block-heading\">Qu\u00e9 ver en Par\u00eds en 3 d\u00edas<\/h2>\n\n\n\n<p><strong>Qu\u00e9 ver en Par\u00eds en 3 d\u00edas<\/strong> se encuentra entre los itinerarios m\u00e1s buscados, sin duda porque la mayor\u00eda de las personas pueden dedicar este tiempo a visitar la ciudad.<\/p>\n\n\n\n<p>En 3 d\u00edas podr\u00e1s visitar las cosas m\u00e1s importantes de Par\u00eds, lo que yo llamo los imperdibles. Si por el contrario tienes unos d\u00edas m\u00e1s para desviarte a la Ville Lumiere, tambi\u00e9n podr\u00edas considerar una visita al Palacio de Versalles o si viajas con ni\u00f1os, quiz\u00e1s ir a Disneyland .<\/p>\n\n\n\n<ul class=\"wp-block-list\">\n<li><strong>D\u00eda 1<\/strong>: Place de la Concorde, Campos El\u00edseos, Arco del Triunfo, Trocadero, Torre Eiffel y crucero por el Sena<\/li>\n\n\n\n<li><strong>D\u00eda 2<\/strong>: Museo del Louvre, Montmartre y Bas\u00edlica del Sacre Coeur, Moulin Rouge<\/li>\n\n\n\n<li><strong>D\u00eda 3<\/strong>: Museo de Orsay, Barrio Latino, Pante\u00f3n, Jardines de Luxemburgo, Saint Germain des Pr\u00e9s<\/li>\n<\/ul>\n\n\n\n<p>Este es un peque\u00f1o resumen de c\u00f3mo podr\u00edas organizar tu visita de 3 d\u00edas a Par\u00eds. Os dejo con la lectura en profundidad del itinerario.<\/p>\n\n\n\n<p><a class=\"enlace-amigo\" href=\"https:\/\/parisconcarlo.com\/es\/que-ver-en-paris-en-3-dias\/\"><span class=\"cell\">Qu\u00e9 ver en Par\u00eds en 3 d\u00edas <\/span><span class=\"cell\"><span class=\"button\">Leer mas<\/span><\/span><\/a><\/p>\n\n\n\n<h2 class=\"wp-block-heading\">Qu\u00e9 ver en Par\u00eds en 2 d\u00edas<\/h2>\n\n\n\n<p>Si <strong>solo tienes 2 d\u00edas para visitar Par\u00eds<\/strong>, lee mi itinerario de cosas para ver. Obviamente es muy poco tiempo pero gracias a mi itinerario <strong>podr\u00e1s ver todo lo principal<\/strong>.<\/p>\n\n\n\n<ul class=\"wp-block-list\">\n<li><strong>D\u00eda 1<\/strong>: Ile de la Cit\u00e9, Notre Dame, Sainte Chapelle, Museo del Louvre, Champs Elys\u00e9es, Arc de Triomphe<\/li>\n\n\n\n<li><strong>D\u00eda 2<\/strong>: Trocadero, Torre Eiffel, Museo de Orsay, Montmartre y Bas\u00edlica del Sagrado Coraz\u00f3n, Moulin Rouge<\/li>\n<\/ul>\n\n\n\n<p><a class=\"enlace-amigo\" href=\"https:\/\/parisconcarlo.com\/es\/que-ver-en-2-dias-en-paris\/\"><span class=\"cell\">Qu\u00e9 ver en Par\u00eds en 3 d\u00edas <\/span><span class=\"cell\"><span class=\"button\">Leer mas<\/span><\/span><\/a><\/p>\n\n\n\n<h2 class=\"wp-block-heading\">Barrios y atracciones de Par\u00eds que no te puedes perder<\/h2>\n\n\n\n<div class=\"wp-block-columns is-layout-flex wp-container-core-columns-is-layout-9d6595d7 wp-block-columns-is-layout-flex\">\n<div class=\"wp-block-column is-layout-flow wp-block-column-is-layout-flow\">\n<h3 class=\"wp-block-heading\">Torre Eiffel (7e)<\/h3>\n\n\n<div class=\"wp-block-image\">\n<figure class=\"aligncenter size-full\"><img decoding=\"async\" width=\"500\" height=\"333\" src=\"https:\/\/parisconcarlo.com\/es\/wp-content\/uploads\/sites\/4\/2022\/12\/que-ver-torre-eiffel.webp\" alt=\"La Torre Eiffel es sin duda la atracci\u00f3n m\u00e1s famosa de Par\u00eds\" class=\"wp-image-871\" srcset=\"https:\/\/parisconcarlo.com\/es\/wp-content\/uploads\/sites\/4\/2022\/12\/que-ver-torre-eiffel.webp 500w, https:\/\/parisconcarlo.com\/es\/wp-content\/uploads\/sites\/4\/2022\/12\/que-ver-torre-eiffel-300x200.webp 300w\" sizes=\"(max-width: 500px) 100vw, 500px\" \/><figcaption class=\"wp-element-caption\">La Torre Eiffel es sin duda la atracci\u00f3n m\u00e1s famosa de Par\u00eds<\/figcaption><\/figure>\n<\/div>\n\n\n<p>Dices Par\u00eds y de una piensas en la Torre Eiffel. Es la <strong>atracci\u00f3n m\u00e1s visitada<\/strong> de la ciudad. Vamos a ver qu\u00e9 ver en la zona y c\u00f3mo subir en la Torre.<\/p>\n\n\n\n<ul class=\"wp-block-list\">\n<li><strong><a href=\"https:\/\/parisconcarlo.com\/es\/torre-eiffel\/\" title=\"Torre Eiffel\">Torre Eiffel<\/a><\/strong>: entradas y c\u00f3mo visitarla<\/li>\n\n\n\n<li><a href=\"https:\/\/parisconcarlo.com\/es\/los-invalidos\/\" title=\"Los Inv\u00e1lidos\">Los Inv\u00e1lidos<\/a><\/li>\n\n\n\n<li><a href=\"https:\/\/parisconcarlo.com\/es\/museo-de-orsay\/\" title=\"Museo de Orsay\">Museo de Orsay<\/a><\/li>\n\n\n\n<li><a href=\"https:\/\/parisconcarlo.com\/es\/trocadero-de-paris\/\" title=\"Trocadero de Par\u00eds\">Trocadero<\/a><\/li>\n<\/ul>\n\n\n\n<p><strong>Transportes: <\/strong><\/p>\n\n\n\n<ul class=\"wp-block-list\">\n<li>Estaci\u00f3n Champ de Mars Torre Eiffel: RER C<\/li>\n\n\n\n<li>Bir-Hakeim: l\u00ednea 6 del metro<\/li>\n<\/ul>\n<\/div>\n\n\n\n<div class=\"wp-block-column is-layout-flow wp-block-column-is-layout-flow\">\n<h3 class=\"wp-block-heading\">Louvre (1e)<\/h3>\n\n\n<div class=\"wp-block-image\">\n<figure class=\"aligncenter size-full\"><img decoding=\"async\" width=\"500\" height=\"333\" src=\"https:\/\/parisconcarlo.com\/es\/wp-content\/uploads\/sites\/4\/2022\/12\/que-ver-en-paris-louvre.webp\" alt=\"Museo del Louvre\" class=\"wp-image-870\" srcset=\"https:\/\/parisconcarlo.com\/es\/wp-content\/uploads\/sites\/4\/2022\/12\/que-ver-en-paris-louvre.webp 500w, https:\/\/parisconcarlo.com\/es\/wp-content\/uploads\/sites\/4\/2022\/12\/que-ver-en-paris-louvre-300x200.webp 300w\" sizes=\"(max-width: 500px) 100vw, 500px\" \/><figcaption class=\"wp-element-caption\">Museo del Louvre<\/figcaption><\/figure>\n<\/div>\n\n\n<p>El <strong>Louvre<\/strong> est\u00e1 ubicado en el 1e arrondissement, el distrito m\u00e1s c\u00e9ntrico. Hay muchas atracciones en esta \u00e1rea.<\/p>\n\n\n\n<ul class=\"wp-block-list\">\n<li><strong><a href=\"https:\/\/parisconcarlo.com\/es\/museo-del-louvre\/\" title=\"Museo del Louvre\">Museo del Louvre<\/a><\/strong><\/li>\n\n\n\n<li><a href=\"https:\/\/parisconcarlo.com\/es\/forum-des-halles\/\" title=\"Forum des Halles\">Forum des Halles<\/a><\/li>\n\n\n\n<li><a href=\"https:\/\/parisconcarlo.com\/es\/centro-nacional-de-arte-y-cultura-georges-pompidou\/\" title=\"Centro nacional de arte y cultura Georges Pompidou\">Centro Pompidou de Par\u00eds<\/a><\/li>\n\n\n\n<li><a href=\"https:\/\/parisconcarlo.com\/es\/jardin-de-las-tullerias\/\" title=\"Jard\u00edn de las Tuller\u00edas\">Jard\u00edn de las Tuller\u00edas<\/a><\/li>\n<\/ul>\n\n\n\n<p><strong>Transportes<\/strong>:<\/p>\n\n\n\n<ul class=\"wp-block-list\">\n<li>Palais Royal &#8211; Mus\u00e9e du Louvre: l\u00edneas 1 y 7 del metro<\/li>\n<\/ul>\n<\/div>\n<\/div>\n\n\n\n<div class=\"wp-block-columns is-layout-flex wp-container-core-columns-is-layout-9d6595d7 wp-block-columns-is-layout-flex\">\n<div class=\"wp-block-column is-layout-flow wp-block-column-is-layout-flow\">\n<h3 class=\"wp-block-heading\">Barrio Latino (5e)<\/h3>\n\n\n<div class=\"wp-block-image\">\n<figure class=\"aligncenter size-full\"><img decoding=\"async\" width=\"500\" height=\"330\" src=\"https:\/\/parisconcarlo.com\/es\/wp-content\/uploads\/sites\/4\/2022\/12\/que-ver-paris-barrio-latino.webp\" alt=\"Barrio Latino de Par\u00eds\" class=\"wp-image-869\" srcset=\"https:\/\/parisconcarlo.com\/es\/wp-content\/uploads\/sites\/4\/2022\/12\/que-ver-paris-barrio-latino.webp 500w, https:\/\/parisconcarlo.com\/es\/wp-content\/uploads\/sites\/4\/2022\/12\/que-ver-paris-barrio-latino-300x198.webp 300w\" sizes=\"(max-width: 500px) 100vw, 500px\" \/><figcaption class=\"wp-element-caption\">Barrio Latino de Par\u00eds<\/figcaption><\/figure>\n<\/div>\n\n\n<p>Llamado as\u00ed por el hecho de que los <strong>estudiantes sol\u00edan comunicarse entre s\u00ed en lat\u00edn<\/strong>, el Barrio Latino es un \u00e1rea de visita obligada con muchos restaurantes y tiendas.<\/p>\n\n\n\n<ul class=\"wp-block-list\">\n<li><strong><a href=\"https:\/\/parisconcarlo.com\/es\/barrio-latino-paris\/\" title=\"Barrio Latino, Par\u00eds\">Barrio Latino<\/a>:<\/strong> qu\u00e9 ver<\/li>\n\n\n\n<li><a href=\"https:\/\/parisconcarlo.com\/es\/panteon-de-paris\/\">Pante\u00f3n<\/a> (Tumba de Napole\u00f3n)<\/li>\n\n\n\n<li><a title=\"Museo de historia natural\" href=\"https:\/\/parisconcarlo.com\/es\/museo-de-historia-natural\/\">Museo de Historia Natural<\/a><\/li>\n\n\n\n<li><a href=\"https:\/\/parisconcarlo.com\/es\/instituto-del-mundo-arabe\/\">Instituto del Mundo \u00c1rabe<\/a><\/li>\n<\/ul>\n\n\n\n<p><strong>Transportes:<\/strong><\/p>\n\n\n\n<ul class=\"wp-block-list\">\n<li>Cluny La Sorbonne: l\u00ednea 10 del metro<\/li>\n<\/ul>\n<\/div>\n\n\n\n<div class=\"wp-block-column is-layout-flow wp-block-column-is-layout-flow\">\n<h3 class=\"wp-block-heading\">Campos El\u00edseos (8e)<\/h3>\n\n\n<div class=\"wp-block-image\">\n<figure class=\"aligncenter size-full\"><img decoding=\"async\" width=\"500\" height=\"329\" src=\"https:\/\/parisconcarlo.com\/es\/wp-content\/uploads\/sites\/4\/2022\/12\/que-ver-en-paris-campos-eliseos.webp\" alt=\"El arco de Triunfo y los Campos El\u00edseos\" class=\"wp-image-868\" srcset=\"https:\/\/parisconcarlo.com\/es\/wp-content\/uploads\/sites\/4\/2022\/12\/que-ver-en-paris-campos-eliseos.webp 500w, https:\/\/parisconcarlo.com\/es\/wp-content\/uploads\/sites\/4\/2022\/12\/que-ver-en-paris-campos-eliseos-300x197.webp 300w\" sizes=\"(max-width: 500px) 100vw, 500px\" \/><figcaption class=\"wp-element-caption\">El arco de Triunfo y los Campos El\u00edseos<\/figcaption><\/figure>\n<\/div>\n\n\n<p>Hogar de todos los <strong>principales eventos parisinos y franceses en general<\/strong>, los Campos El\u00edseos se extienden desde el Arco del Triunfo hasta la Plaza de la Concordia. Tienen 1910m de largo y 70m de ancho.<\/p>\n\n\n\n<ul class=\"wp-block-list\">\n<li><strong><a href=\"https:\/\/parisconcarlo.com\/es\/arco-de-triunfo-de-paris\/\" title=\"Arco de Triunfo de Par\u00eds\">Arco de Triunfo de Par\u00eds<\/a><\/strong><\/li>\n\n\n\n<li><a href=\"https:\/\/parisconcarlo.com\/es\/campos-eliseos-de-paris\/\" title=\"Campos Eliseos de Par\u00eds\">Campos El\u00edseos<\/a><\/li>\n\n\n\n<li><a href=\"https:\/\/parisconcarlo.com\/es\/museo-de-la-orangerie\/\" title=\"Museo de la Orangerie\">Museo de la Orangerie<\/a><\/li>\n\n\n\n<li><a href=\"https:\/\/parisconcarlo.com\/es\/le-petit-palais\/\" title=\"Le Petit Palais\">Petit Palais<\/a><\/li>\n\n\n\n<li><a href=\"https:\/\/parisconcarlo.com\/es\/grand-palais\/\" title=\"Grand Palais&nbsp;\">Grand Palais<\/a><\/li>\n<\/ul>\n\n\n\n<p><strong>Transportes<\/strong>:<\/p>\n\n\n\n<ul class=\"wp-block-list\">\n<li>George V: l\u00ednea 1 del metro<\/li>\n\n\n\n<li>Franklin D. Roosevelt: l\u00edneas 1 y 9 del metro<\/li>\n<\/ul>\n<\/div>\n<\/div>\n\n\n\n<div class=\"wp-block-columns is-layout-flex wp-container-core-columns-is-layout-9d6595d7 wp-block-columns-is-layout-flex\">\n<div class=\"wp-block-column is-layout-flow wp-block-column-is-layout-flow\">\n<h3 class=\"wp-block-heading\">Montmartre (18e)<\/h3>\n\n\n<div class=\"wp-block-image\">\n<figure class=\"aligncenter size-full\"><img decoding=\"async\" width=\"500\" height=\"375\" src=\"https:\/\/parisconcarlo.com\/es\/wp-content\/uploads\/sites\/4\/2022\/12\/que-ver-en-paris-montmartre.webp\" alt=\"Montmartre, Par\u00eds\" class=\"wp-image-867\" srcset=\"https:\/\/parisconcarlo.com\/es\/wp-content\/uploads\/sites\/4\/2022\/12\/que-ver-en-paris-montmartre.webp 500w, https:\/\/parisconcarlo.com\/es\/wp-content\/uploads\/sites\/4\/2022\/12\/que-ver-en-paris-montmartre-300x225.webp 300w\" sizes=\"(max-width: 500px) 100vw, 500px\" \/><figcaption class=\"wp-element-caption\">Montmartre, Par\u00eds<\/figcaption><\/figure>\n<\/div>\n\n\n<p>Tambi\u00e9n conocida como la Butte, la colina, <strong>Montmartre ha seguido siendo parte del pueblo que fue originalmente<\/strong>, con sus calles empedradas y artistas callejeros en la Place du Tertre.<\/p>\n\n\n\n<ul class=\"wp-block-list\">\n<li><strong><a href=\"https:\/\/parisconcarlo.com\/es\/montmartre\/\" title=\"Montmartre&nbsp;\">Montmartre<\/a>:<\/strong> qu\u00e9 ver<\/li>\n\n\n\n<li><a href=\"https:\/\/parisconcarlo.com\/es\/sagrado-corazon-de-paris\/\" title=\"Basilica del Sagrado Coraz\u00f3n de Par\u00eds\">Bas\u00edlica del Sagrado Coraz\u00f3n<\/a><\/li>\n\n\n\n<li><a href=\"https:\/\/parisconcarlo.com\/es\/moulin-rouge\/\" title=\"Moulin Rouge\">Moulin Rouge<\/a><\/li>\n\n\n\n<li><a href=\"https:\/\/parisconcarlo.com\/es\/pigalle\/\" title=\"Pigalle\">Pigalle<\/a><\/li>\n\n\n\n<li><a href=\"https:\/\/parisconcarlo.com\/es\/place-du-tertre\/\" title=\"Place Du Tertre\">Place du Tertre<\/a><\/li>\n<\/ul>\n\n\n\n<p><strong>Transportes:<\/strong><\/p>\n\n\n\n<ul class=\"wp-block-list\">\n<li>Abbesses: l\u00ednea 12 del metro<\/li>\n<\/ul>\n<\/div>\n\n\n\n<div class=\"wp-block-column is-layout-flow wp-block-column-is-layout-flow\">\n<h3 class=\"wp-block-heading\">\u00cele de la Cit\u00e9 (4e)<\/h3>\n\n\n<div class=\"wp-block-image\">\n<figure class=\"aligncenter size-full\"><img decoding=\"async\" width=\"500\" height=\"345\" src=\"https:\/\/parisconcarlo.com\/es\/wp-content\/uploads\/sites\/4\/2022\/12\/que-ver-en-paris-notre-dame.webp\" alt=\"\u00cele de la Cit\u00e9 es la zona de Notre Dame\" class=\"wp-image-866\" srcset=\"https:\/\/parisconcarlo.com\/es\/wp-content\/uploads\/sites\/4\/2022\/12\/que-ver-en-paris-notre-dame.webp 500w, https:\/\/parisconcarlo.com\/es\/wp-content\/uploads\/sites\/4\/2022\/12\/que-ver-en-paris-notre-dame-300x207.webp 300w\" sizes=\"(max-width: 500px) 100vw, 500px\" \/><figcaption class=\"wp-element-caption\">\u00cele de la Cit\u00e9 es la zona de Notre Dame<\/figcaption><\/figure>\n<\/div>\n\n\n<p><strong>\u00cele de la Cit\u00e9 es una peque\u00f1a isla en el Sena<\/strong>, pero que alberga varias atracciones imperdibles.<\/p>\n\n\n\n<ul class=\"wp-block-list\">\n<li><strong><a href=\"https:\/\/parisconcarlo.com\/es\/catedral-de-notre-dame\/\" title=\"Catedral de Notre Dame\">Catedral de Notre Dame<\/a><\/strong><\/li>\n\n\n\n<li><a href=\"https:\/\/parisconcarlo.com\/es\/sainte-chapelle\/\" title=\"Sainte Chapelle\">Sainte Chapelle<\/a><\/li>\n\n\n\n<li><a href=\"https:\/\/parisconcarlo.com\/es\/conciergerie-de-paris\/\" title=\"Conciergerie de Par\u00eds\">Conciergerie<\/a><\/li>\n\n\n\n<li><strong><a href=\"https:\/\/parisconcarlo.com\/es\/ile-de-la-cite\/\" title=\"Ile de la Cit\u00e8\">\u00cele de la Cit\u00e9<\/a><\/strong><\/li>\n\n\n\n<li><a href=\"https:\/\/parisconcarlo.com\/es\/ile-saint-louis\/\" title=\"Ile Saint Louis&nbsp;\">\u00cele Saint-Louis<\/a><\/li>\n<\/ul>\n\n\n\n<p><strong>Transportes<\/strong>:<\/p>\n\n\n\n<ul class=\"wp-block-list\">\n<li>Cit\u00e9: l\u00ednea 4 del metro<\/li>\n\n\n\n<li>Cluny La Sorbonne: l\u00ednea 10 del metro<\/li>\n<\/ul>\n<\/div>\n<\/div>\n\n\n\n<div class=\"wp-block-columns is-layout-flex wp-container-core-columns-is-layout-9d6595d7 wp-block-columns-is-layout-flex\">\n<div class=\"wp-block-column is-layout-flow wp-block-column-is-layout-flow\">\n<h3 class=\"wp-block-heading\">Marais (3e-4e)<\/h3>\n\n\n<div class=\"wp-block-image\">\n<figure class=\"aligncenter size-full\"><img decoding=\"async\" width=\"500\" height=\"332\" src=\"https:\/\/parisconcarlo.com\/es\/wp-content\/uploads\/sites\/4\/2022\/12\/que-ver-en-paris-marais.webp\" alt=\"La Place des Vosges es una de la cosa m\u00e1s hermosa del Marais\" class=\"wp-image-862\" srcset=\"https:\/\/parisconcarlo.com\/es\/wp-content\/uploads\/sites\/4\/2022\/12\/que-ver-en-paris-marais.webp 500w, https:\/\/parisconcarlo.com\/es\/wp-content\/uploads\/sites\/4\/2022\/12\/que-ver-en-paris-marais-300x199.webp 300w\" sizes=\"(max-width: 500px) 100vw, 500px\" \/><figcaption class=\"wp-element-caption\">La Place des Vosges es una de la cosa m\u00e1s hermosa del Marais<\/figcaption><\/figure>\n<\/div>\n\n\n<p>El <strong>Marais es uno de los barrios m\u00e1s animados<\/strong> y bonitos de Par\u00eds. T\u00edpicamente habitado por la comunidad jud\u00eda, ahora es un lugar de encuentro mundano gracias a sus clubes y galer\u00edas de arte.<\/p>\n\n\n\n<ul class=\"wp-block-list\">\n<li><strong><a href=\"https:\/\/parisconcarlo.com\/es\/le-marais\/\" title=\"Qu\u00e9 ver en Le Marais, Par\u00eds\">Marais<\/a>:<\/strong> qu\u00e9 ver<\/li>\n\n\n\n<li><a href=\"https:\/\/parisconcarlo.com\/es\/place-des-vosges\/\" title=\"Place des Vosges\">Place des Vosges<\/a><\/li>\n\n\n\n<li><a href=\"https:\/\/parisconcarlo.com\/es\/museo-picasso-paris\/\" title=\"Museo Picasso de Par\u00eds\">Museo Picasso<\/a><\/li>\n\n\n\n<li><a href=\"https:\/\/parisconcarlo.com\/es\/museo-carnavalet\/\" title=\"Museo Carnavalet&nbsp;\">Museo Carnavalet<\/a><\/li>\n<\/ul>\n\n\n\n<p><strong>Transportes:<\/strong><\/p>\n\n\n\n<ul class=\"wp-block-list\">\n<li>Bastille: l\u00edneas 1, 5 y 8 del metro<\/li>\n<\/ul>\n<\/div>\n\n\n\n<div class=\"wp-block-column is-layout-flow wp-block-column-is-layout-flow\">\n<h3 class=\"wp-block-heading\">Saint Germain-des-Pr\u00e9s (6e)<\/h3>\n\n\n<div class=\"wp-block-image\">\n<figure class=\"aligncenter size-full\"><img decoding=\"async\" width=\"500\" height=\"333\" src=\"https:\/\/parisconcarlo.com\/es\/wp-content\/uploads\/sites\/4\/2022\/12\/que-ver-en-paris-saint-germain-des-pres.webp\" alt=\"Qu\u00e9 ver en Saint Germain des Pr\u00e9s\" class=\"wp-image-865\" srcset=\"https:\/\/parisconcarlo.com\/es\/wp-content\/uploads\/sites\/4\/2022\/12\/que-ver-en-paris-saint-germain-des-pres.webp 500w, https:\/\/parisconcarlo.com\/es\/wp-content\/uploads\/sites\/4\/2022\/12\/que-ver-en-paris-saint-germain-des-pres-300x200.webp 300w\" sizes=\"(max-width: 500px) 100vw, 500px\" \/><figcaption class=\"wp-element-caption\">Qu\u00e9 ver en Saint Germain des Pr\u00e9s<\/figcaption><\/figure>\n<\/div>\n\n\n<p>El pintoresco <strong>barrio de Saint-German-des-Pr\u00e9s<\/strong> es famoso por sus caf\u00e9s, donde se reun\u00edan los grandes artistas del pasado. Pero a\u00fan hoy encontramos lugares de inter\u00e9s para visitar.<\/p>\n\n\n\n<ul class=\"wp-block-list\">\n<li><strong><strong><a href=\"https:\/\/parisconcarlo.com\/es\/saint-germain-des-pres\/\" title=\"Saint Germain des Pr\u00e9s\">Saint-German-des-Pr\u00e9s<\/a><\/strong><\/strong><\/li>\n\n\n\n<li><a href=\"https:\/\/parisconcarlo.com\/es\/jardines-de-luxemburgo\/\" title=\"Jardines de Luxemburgo\">Jardines de Luxemburgo<\/a><\/li>\n\n\n\n<li><a href=\"https:\/\/parisconcarlo.com\/es\/iglesia-saint-germain-des-pres\/\" title=\"Iglesia Saint Germain des Pr\u00e9s\">Iglesia de Saint Germain-des-Pr\u00e9s<\/a><\/li>\n<\/ul>\n\n\n\n<p><strong>Transportes<\/strong>:<\/p>\n\n\n\n<ul class=\"wp-block-list\">\n<li>Saint-Germain-des-Pr\u00e9s: l\u00ednea 4 del metro<\/li>\n\n\n\n<li>Mabillon: l\u00ednea 10 del metro<\/li>\n<\/ul>\n<\/div>\n<\/div>\n\n\n\n<div class=\"wp-block-columns is-layout-flex wp-container-core-columns-is-layout-9d6595d7 wp-block-columns-is-layout-flex\">\n<div class=\"wp-block-column is-layout-flow wp-block-column-is-layout-flow\">\n<h3 class=\"wp-block-heading\">Montparnasse (14e)<\/h3>\n\n\n<div class=\"wp-block-image\">\n<figure class=\"aligncenter size-full\"><img decoding=\"async\" width=\"500\" height=\"334\" src=\"https:\/\/parisconcarlo.com\/es\/wp-content\/uploads\/sites\/4\/2022\/12\/que-ver-en-paris-montparnasse.webp\" alt=\"Qu\u00e9 ver en el Barrio de Montparnasse\" class=\"wp-image-864\" srcset=\"https:\/\/parisconcarlo.com\/es\/wp-content\/uploads\/sites\/4\/2022\/12\/que-ver-en-paris-montparnasse.webp 500w, https:\/\/parisconcarlo.com\/es\/wp-content\/uploads\/sites\/4\/2022\/12\/que-ver-en-paris-montparnasse-300x200.webp 300w\" sizes=\"(max-width: 500px) 100vw, 500px\" \/><figcaption class=\"wp-element-caption\">Qu\u00e9 ver en el Barrio de Montparnasse<\/figcaption><\/figure>\n<\/div>\n\n\n<p>Llamado as\u00ed por el <strong>Monte Parnaso de Grecia<\/strong>, debido a la colina que se cre\u00f3, debido a los dep\u00f3sitos que quedaron aqu\u00ed de las excavaciones cercanas, <strong>Montparnasse es un distrito muy aut\u00e9ntico<\/strong>, con varias atracciones interesantes.<\/p>\n\n\n\n<ul class=\"wp-block-list\">\n<li><strong><a href=\"https:\/\/parisconcarlo.com\/es\/montparnasse\/\" title=\"Montparnasse&nbsp;\">Montparnasse<\/a>:<\/strong> qu\u00e9 ver<\/li>\n\n\n\n<li><a href=\"https:\/\/parisconcarlo.com\/es\/torre-montparnasse\/\" title=\"Torre Montparnasse\">Torre Montparnasse<\/a><\/li>\n\n\n\n<li><a href=\"https:\/\/parisconcarlo.com\/es\/cementerio-de-montparnasse\/\" title=\"Cementerio de Montparnasse&nbsp;\">Cementerio Montparnasse<\/a><\/li>\n\n\n\n<li><a href=\"https:\/\/parisconcarlo.com\/es\/catacumbas-de-paris\/\" title=\"Catacumbas de Par\u00eds\">Las catacumbas de Par\u00eds<\/a><\/li>\n\n\n\n<li><a href=\"https:\/\/parisconcarlo.com\/es\/jardin-atlantique-paris\/\" title=\"Jardin Atlantique Par\u00eds\">Jardin Atlantique<\/a><\/li>\n<\/ul>\n\n\n\n<p><strong>Transportes:<\/strong><\/p>\n\n\n\n<ul class=\"wp-block-list\">\n<li>Montparnasse: l\u00edneas 4, 6, 12, 13 del metro<\/li>\n<\/ul>\n<\/div>\n\n\n\n<div class=\"wp-block-column is-layout-flow wp-block-column-is-layout-flow\">\n<h3 class=\"wp-block-heading\">Otros lugares de inter\u00e9s<\/h3>\n\n\n<div class=\"wp-block-image\">\n<figure class=\"aligncenter size-full\"><img decoding=\"async\" width=\"900\" height=\"599\" src=\"https:\/\/parisconcarlo.com\/es\/wp-content\/uploads\/sites\/4\/2022\/12\/tour-stade-de-france-paris.jpg.webp\" alt=\"Lo Stade de France es una de las atracciones que visitar\" class=\"wp-image-863\" srcset=\"https:\/\/parisconcarlo.com\/es\/wp-content\/uploads\/sites\/4\/2022\/12\/tour-stade-de-france-paris.jpg.webp 900w, https:\/\/parisconcarlo.com\/es\/wp-content\/uploads\/sites\/4\/2022\/12\/tour-stade-de-france-paris.jpg-300x200.webp 300w, https:\/\/parisconcarlo.com\/es\/wp-content\/uploads\/sites\/4\/2022\/12\/tour-stade-de-france-paris.jpg-768x511.webp 768w\" sizes=\"(max-width: 900px) 100vw, 900px\" \/><figcaption class=\"wp-element-caption\">Lo Stade de France es una de las atracciones que visitar<\/figcaption><\/figure>\n<\/div>\n\n\n<p>El pintoresco <strong>barrio de Saint-German-des-Pr\u00e9s<\/strong> es famoso por sus caf\u00e9s, donde se reun\u00edan los grandes artistas del pasado. Pero a\u00fan hoy encontramos lugares de inter\u00e9s para visitar.<\/p>\n\n\n\n<ul class=\"wp-block-list\">\n<li><a href=\"https:\/\/parisconcarlo.com\/es\/barrio-opera-paris\/\">Barrio \u00d3p\u00e9ra<\/a><\/li>\n\n\n\n<li><a title=\"Cementerio del P\u00e8re-Lachaise\" href=\"https:\/\/parisconcarlo.com\/es\/cementerio-del-pere-lachaise\/\">Cementerio Pere Lachaise<\/a><\/li>\n\n\n\n<li><a href=\"https:\/\/parisconcarlo.com\/es\/museo-del-aire-y-del-espacio\/\" title=\"Museo del Aire y del Espacio\">Museo del Aire y el Espacio<\/a><\/li>\n\n\n\n<li><a href=\"https:\/\/parisconcarlo.com\/es\/estadio-parque-de-los-principes\/\">Estadio Parc des Princes<\/a><\/li>\n\n\n\n<li><a href=\"https:\/\/parisconcarlo.com\/es\/stade-de-france\/\" title=\"Stade de France\">Stade de France<\/a><\/li>\n\n\n\n<li><a href=\"https:\/\/parisconcarlo.com\/es\/la-promenade-plantee-coulee-verte\/\" title=\"La Promenade Plant\u00e9e&nbsp;Coul\u00e9e verte\">Promenade Plant\u00e9e<\/a><\/li>\n<\/ul>\n<\/div>\n<\/div>\n\n\n\n<div data-tiqets-widget=\"discovery\" data-cards-layout=\"responsive\" data-content-type=\"product\" data-item_count=\"6\" data-destination-type=\"city\" data-destination-id=\"66746\" data-language=\"es\" data-partner=\"viajesaparis\" data-tq-campaign=\"cosavedere\"><\/div><script defer=\"\" src=\"https:\/\/widgets.tiqets.com\/loader.js\"><\/script>\n\n\n\n<div style=\"height:20px\" aria-hidden=\"true\" class=\"wp-block-spacer\"><\/div>\n","protected":false},"excerpt":{"rendered":"<p>\u00bfQu\u00e9 visitar en Par\u00eds? La respuesta puede parecer obvia, pero no es la misma para todos. De hecho, depende de algunas consideraciones: p. \u00bfSer\u00e1 tu primera vez en Par\u00eds? Entonces no deber\u00edas perderte las principales atracciones, como la Torre Eiffel, el Arco del Triunfo y los Campos El\u00edseos, etc\u2026 Si, por otro lado, ya ha&#8230;<\/p>\n","protected":false},"author":4,"featured_media":872,"parent":0,"menu_order":0,"comment_status":"open","ping_status":"closed","template":"","meta":{"_kad_blocks_custom_css":"","_kad_blocks_head_custom_js":"","_kad_blocks_body_custom_js":"","_kad_blocks_footer_custom_js":"","_kad_post_transparent":"","_kad_post_title":"","_kad_post_layout":"","_kad_post_sidebar_id":"","_kad_post_content_style":"","_kad_post_vertical_padding":"","_kad_post_feature":"","_kad_post_feature_position":"","_kad_post_header":false,"_kad_post_footer":false,"_kad_post_classname":"","footnotes":""},"class_list":["post-47","page","type-page","status-publish","has-post-thumbnail","hentry"],"yoast_head":"<!-- This site is optimized with the Yoast SEO plugin v27.1.1 - https:\/\/yoast.com\/product\/yoast-seo-wordpress\/ -->\n<title>Qu\u00e9 ver en Par\u00eds: las atracciones principal y itinerarios por d\u00edas<\/title>\n<meta name=\"description\" content=\"\u00bfQu\u00e9 ver en Par\u00eds? Depende de los d\u00edas que te quedaras. Vamos a ver cuales son las cosas que no te puedes perder y los itinerarios para 3, 4 o m\u00e1s d\u00edas.\" \/>\n<meta name=\"robots\" content=\"index, follow, max-snippet:-1, max-image-preview:large, max-video-preview:-1\" \/>\n<link rel=\"canonical\" href=\"https:\/\/parisconcarlo.com\/es\/que-ver-en-paris\/\" \/>\n<meta property=\"og:locale\" content=\"es_ES\" \/>\n<meta property=\"og:type\" content=\"article\" \/>\n<meta property=\"og:title\" content=\"Qu\u00e9 ver en Par\u00eds: las atracciones principal y itinerarios por d\u00edas\" \/>\n<meta property=\"og:description\" content=\"\u00bfQu\u00e9 ver en Par\u00eds? Depende de los d\u00edas que te quedaras. Vamos a ver cuales son las cosas que no te puedes perder y los itinerarios para 3, 4 o m\u00e1s d\u00edas.\" \/>\n<meta property=\"og:url\" content=\"https:\/\/parisconcarlo.com\/es\/que-ver-en-paris\/\" \/>\n<meta property=\"og:site_name\" content=\"Paris con Carlo\" \/>\n<meta property=\"article:modified_time\" content=\"2024-04-15T15:20:24+00:00\" \/>\n<meta property=\"og:image\" content=\"https:\/\/parisconcarlo.com\/es\/wp-content\/uploads\/sites\/4\/2022\/10\/logo-viajes-a-paris.jpeg\" \/>\n\t<meta property=\"og:image:width\" content=\"623\" \/>\n\t<meta property=\"og:image:height\" content=\"188\" \/>\n\t<meta property=\"og:image:type\" content=\"image\/jpeg\" \/>\n<meta name=\"twitter:card\" content=\"summary_large_image\" \/>\n<meta name=\"twitter:image\" content=\"https:\/\/parisconcarlo.com\/es\/wp-content\/uploads\/sites\/4\/2022\/10\/logo-viajes-a-paris.jpeg\" \/>\n<meta name=\"twitter:label1\" content=\"Tiempo de lectura\" \/>\n\t<meta name=\"twitter:data1\" content=\"9 minutos\" \/>\n<script type=\"application\/ld+json\" class=\"yoast-schema-graph\">{\"@context\":\"https:\/\/schema.org\",\"@graph\":[{\"@type\":\"WebPage\",\"@id\":\"https:\/\/parisconcarlo.com\/es\/que-ver-en-paris\/\",\"url\":\"https:\/\/parisconcarlo.com\/es\/que-ver-en-paris\/\",\"name\":\"Qu\u00e9 ver en Par\u00eds: las atracciones principal y itinerarios por d\u00edas\",\"isPartOf\":{\"@id\":\"https:\/\/parisconcarlo.com\/es\/#website\"},\"primaryImageOfPage\":{\"@id\":\"https:\/\/parisconcarlo.com\/es\/que-ver-en-paris\/#primaryimage\"},\"image\":{\"@id\":\"https:\/\/parisconcarlo.com\/es\/que-ver-en-paris\/#primaryimage\"},\"thumbnailUrl\":\"https:\/\/parisconcarlo.com\/es\/wp-content\/uploads\/sites\/4\/2022\/12\/que-ver-en-paris.webp\",\"datePublished\":\"2022-10-27T09:43:43+00:00\",\"dateModified\":\"2024-04-15T15:20:24+00:00\",\"description\":\"\u00bfQu\u00e9 ver en Par\u00eds? Depende de los d\u00edas que te quedaras. Vamos a ver cuales son las cosas que no te puedes perder y los itinerarios para 3, 4 o m\u00e1s d\u00edas.\",\"breadcrumb\":{\"@id\":\"https:\/\/parisconcarlo.com\/es\/que-ver-en-paris\/#breadcrumb\"},\"inLanguage\":\"es\",\"potentialAction\":[{\"@type\":\"ReadAction\",\"target\":[\"https:\/\/parisconcarlo.com\/es\/que-ver-en-paris\/\"]}]},{\"@type\":\"ImageObject\",\"inLanguage\":\"es\",\"@id\":\"https:\/\/parisconcarlo.com\/es\/que-ver-en-paris\/#primaryimage\",\"url\":\"https:\/\/parisconcarlo.com\/es\/wp-content\/uploads\/sites\/4\/2022\/12\/que-ver-en-paris.webp\",\"contentUrl\":\"https:\/\/parisconcarlo.com\/es\/wp-content\/uploads\/sites\/4\/2022\/12\/que-ver-en-paris.webp\",\"width\":900,\"height\":595,\"caption\":\"Qu\u00e9 ver en Par\u00eds\"},{\"@type\":\"BreadcrumbList\",\"@id\":\"https:\/\/parisconcarlo.com\/es\/que-ver-en-paris\/#breadcrumb\",\"itemListElement\":[{\"@type\":\"ListItem\",\"position\":1,\"name\":\"Home\",\"item\":\"https:\/\/parisconcarlo.com\/es\/\"},{\"@type\":\"ListItem\",\"position\":2,\"name\":\"Qu\u00e9 ver en Par\u00eds\"}]},{\"@type\":\"WebSite\",\"@id\":\"https:\/\/parisconcarlo.com\/es\/#website\",\"url\":\"https:\/\/parisconcarlo.com\/es\/\",\"name\":\"Paris con Carlo\",\"description\":\"\",\"publisher\":{\"@id\":\"https:\/\/parisconcarlo.com\/es\/#organization\"},\"potentialAction\":[{\"@type\":\"SearchAction\",\"target\":{\"@type\":\"EntryPoint\",\"urlTemplate\":\"https:\/\/parisconcarlo.com\/es\/?s={search_term_string}\"},\"query-input\":{\"@type\":\"PropertyValueSpecification\",\"valueRequired\":true,\"valueName\":\"search_term_string\"}}],\"inLanguage\":\"es\"},{\"@type\":\"Organization\",\"@id\":\"https:\/\/parisconcarlo.com\/es\/#organization\",\"name\":\"Paris con Carlo\",\"url\":\"https:\/\/parisconcarlo.com\/es\/\",\"logo\":{\"@type\":\"ImageObject\",\"inLanguage\":\"es\",\"@id\":\"https:\/\/parisconcarlo.com\/es\/#\/schema\/logo\/image\/\",\"url\":\"https:\/\/parisconcarlo.com\/es\/wp-content\/uploads\/sites\/4\/2024\/03\/logo-parisconcarlo-horizontal-live-3.jpg\",\"contentUrl\":\"https:\/\/parisconcarlo.com\/es\/wp-content\/uploads\/sites\/4\/2024\/03\/logo-parisconcarlo-horizontal-live-3.jpg\",\"width\":700,\"height\":214,\"caption\":\"Paris con Carlo\"},\"image\":{\"@id\":\"https:\/\/parisconcarlo.com\/es\/#\/schema\/logo\/image\/\"}}]}<\/script>\n<!-- \/ Yoast SEO plugin. -->","yoast_head_json":{"title":"Qu\u00e9 ver en Par\u00eds: las atracciones principal y itinerarios por d\u00edas","description":"\u00bfQu\u00e9 ver en Par\u00eds? Depende de los d\u00edas que te quedaras. Vamos a ver cuales son las cosas que no te puedes perder y los itinerarios para 3, 4 o m\u00e1s d\u00edas.","robots":{"index":"index","follow":"follow","max-snippet":"max-snippet:-1","max-image-preview":"max-image-preview:large","max-video-preview":"max-video-preview:-1"},"canonical":"https:\/\/parisconcarlo.com\/es\/que-ver-en-paris\/","og_locale":"es_ES","og_type":"article","og_title":"Qu\u00e9 ver en Par\u00eds: las atracciones principal y itinerarios por d\u00edas","og_description":"\u00bfQu\u00e9 ver en Par\u00eds? Depende de los d\u00edas que te quedaras. Vamos a ver cuales son las cosas que no te puedes perder y los itinerarios para 3, 4 o m\u00e1s d\u00edas.","og_url":"https:\/\/parisconcarlo.com\/es\/que-ver-en-paris\/","og_site_name":"Paris con Carlo","article_modified_time":"2024-04-15T15:20:24+00:00","og_image":[{"width":623,"height":188,"url":"https:\/\/parisconcarlo.com\/es\/wp-content\/uploads\/sites\/4\/2022\/10\/logo-viajes-a-paris.jpeg","type":"image\/jpeg"}],"twitter_card":"summary_large_image","twitter_image":"https:\/\/parisconcarlo.com\/es\/wp-content\/uploads\/sites\/4\/2022\/10\/logo-viajes-a-paris.jpeg","twitter_misc":{"Tiempo de lectura":"9 minutos"},"schema":{"@context":"https:\/\/schema.org","@graph":[{"@type":"WebPage","@id":"https:\/\/parisconcarlo.com\/es\/que-ver-en-paris\/","url":"https:\/\/parisconcarlo.com\/es\/que-ver-en-paris\/","name":"Qu\u00e9 ver en Par\u00eds: las atracciones principal y itinerarios por d\u00edas","isPartOf":{"@id":"https:\/\/parisconcarlo.com\/es\/#website"},"primaryImageOfPage":{"@id":"https:\/\/parisconcarlo.com\/es\/que-ver-en-paris\/#primaryimage"},"image":{"@id":"https:\/\/parisconcarlo.com\/es\/que-ver-en-paris\/#primaryimage"},"thumbnailUrl":"https:\/\/parisconcarlo.com\/es\/wp-content\/uploads\/sites\/4\/2022\/12\/que-ver-en-paris.webp","datePublished":"2022-10-27T09:43:43+00:00","dateModified":"2024-04-15T15:20:24+00:00","description":"\u00bfQu\u00e9 ver en Par\u00eds? Depende de los d\u00edas que te quedaras. Vamos a ver cuales son las cosas que no te puedes perder y los itinerarios para 3, 4 o m\u00e1s d\u00edas.","breadcrumb":{"@id":"https:\/\/parisconcarlo.com\/es\/que-ver-en-paris\/#breadcrumb"},"inLanguage":"es","potentialAction":[{"@type":"ReadAction","target":["https:\/\/parisconcarlo.com\/es\/que-ver-en-paris\/"]}]},{"@type":"ImageObject","inLanguage":"es","@id":"https:\/\/parisconcarlo.com\/es\/que-ver-en-paris\/#primaryimage","url":"https:\/\/parisconcarlo.com\/es\/wp-content\/uploads\/sites\/4\/2022\/12\/que-ver-en-paris.webp","contentUrl":"https:\/\/parisconcarlo.com\/es\/wp-content\/uploads\/sites\/4\/2022\/12\/que-ver-en-paris.webp","width":900,"height":595,"caption":"Qu\u00e9 ver en Par\u00eds"},{"@type":"BreadcrumbList","@id":"https:\/\/parisconcarlo.com\/es\/que-ver-en-paris\/#breadcrumb","itemListElement":[{"@type":"ListItem","position":1,"name":"Home","item":"https:\/\/parisconcarlo.com\/es\/"},{"@type":"ListItem","position":2,"name":"Qu\u00e9 ver en Par\u00eds"}]},{"@type":"WebSite","@id":"https:\/\/parisconcarlo.com\/es\/#website","url":"https:\/\/parisconcarlo.com\/es\/","name":"Paris con Carlo","description":"","publisher":{"@id":"https:\/\/parisconcarlo.com\/es\/#organization"},"potentialAction":[{"@type":"SearchAction","target":{"@type":"EntryPoint","urlTemplate":"https:\/\/parisconcarlo.com\/es\/?s={search_term_string}"},"query-input":{"@type":"PropertyValueSpecification","valueRequired":true,"valueName":"search_term_string"}}],"inLanguage":"es"},{"@type":"Organization","@id":"https:\/\/parisconcarlo.com\/es\/#organization","name":"Paris con Carlo","url":"https:\/\/parisconcarlo.com\/es\/","logo":{"@type":"ImageObject","inLanguage":"es","@id":"https:\/\/parisconcarlo.com\/es\/#\/schema\/logo\/image\/","url":"https:\/\/parisconcarlo.com\/es\/wp-content\/uploads\/sites\/4\/2024\/03\/logo-parisconcarlo-horizontal-live-3.jpg","contentUrl":"https:\/\/parisconcarlo.com\/es\/wp-content\/uploads\/sites\/4\/2024\/03\/logo-parisconcarlo-horizontal-live-3.jpg","width":700,"height":214,"caption":"Paris con Carlo"},"image":{"@id":"https:\/\/parisconcarlo.com\/es\/#\/schema\/logo\/image\/"}}]}},"taxonomy_info":[],"featured_image_src_large":["https:\/\/parisconcarlo.com\/es\/wp-content\/uploads\/sites\/4\/2022\/12\/que-ver-en-paris.webp",900,595,false],"author_info":{"display_name":"Carlo Galici","author_link":"https:\/\/parisconcarlo.com\/es\/author\/carlogalici\/"},"comment_info":"","_links":{"self":[{"href":"https:\/\/parisconcarlo.com\/es\/wp-json\/wp\/v2\/pages\/47","targetHints":{"allow":["GET"]}}],"collection":[{"href":"https:\/\/parisconcarlo.com\/es\/wp-json\/wp\/v2\/pages"}],"about":[{"href":"https:\/\/parisconcarlo.com\/es\/wp-json\/wp\/v2\/types\/page"}],"author":[{"embeddable":true,"href":"https:\/\/parisconcarlo.com\/es\/wp-json\/wp\/v2\/users\/4"}],"replies":[{"embeddable":true,"href":"https:\/\/parisconcarlo.com\/es\/wp-json\/wp\/v2\/comments?post=47"}],"version-history":[{"count":0,"href":"https:\/\/parisconcarlo.com\/es\/wp-json\/wp\/v2\/pages\/47\/revisions"}],"wp:featuredmedia":[{"embeddable":true,"href":"https:\/\/parisconcarlo.com\/es\/wp-json\/wp\/v2\/media\/872"}],"wp:attachment":[{"href":"https:\/\/parisconcarlo.com\/es\/wp-json\/wp\/v2\/media?parent=47"}],"curies":[{"name":"wp","href":"https:\/\/api.w.org\/{rel}","templated":true}]}}