{"id":2522,"date":"2024-03-20T11:44:58","date_gmt":"2024-03-20T10:44:58","guid":{"rendered":"https:\/\/parisconcarlo.com\/es\/?page_id=2522"},"modified":"2024-04-15T17:20:24","modified_gmt":"2024-04-15T15:20:24","slug":"itinerarios-por-paris","status":"publish","type":"page","link":"https:\/\/parisconcarlo.com\/es\/itinerarios-por-paris\/","title":{"rendered":"Itinerarios por Par\u00eds"},"content":{"rendered":"<style>.kb-posts-id-2522_68ce1c-1d .kb-post-list-item{display:grid;}<\/style><ul class=\"wp-block-kadence-posts kb-posts kadence-posts-list kb-posts-id-2522_68ce1c-1d content-wrap grid-cols kb-posts-style-boxed grid-sm-col-2 grid-lg-col-3 item-image-style-above\"><li class=\"kb-post-list-item\">\n\t<article class=\"entry content-bg loop-entry post-881 post type-post status-publish format-standard has-post-thumbnail hentry category-itinerarios-por-paris\">\n\t\t\t\t<a aria-hidden=\"true\" tabindex=\"-1\" role=\"presentation\" class=\"post-thumbnail kadence-thumbnail-ratio-2-3\" href=\"https:\/\/parisconcarlo.com\/es\/cosas-gratis-para-hacer-en-paris\/\" aria-label=\"Cosas gratis para hacer en Par\u00eds\">\n\t\t\t<div class=\"post-thumbnail-inner\">\n\t\t\t\t<img decoding=\"async\" width=\"768\" height=\"518\" src=\"https:\/\/parisconcarlo.com\/es\/wp-content\/uploads\/sites\/4\/2022\/12\/cosas-gratis-768x518.jpeg\" class=\"attachment-medium_large size-medium_large wp-post-image\" alt=\"Cosas gratis que hacer en Par\u00eds\" srcset=\"https:\/\/parisconcarlo.com\/es\/wp-content\/uploads\/sites\/4\/2022\/12\/cosas-gratis-768x518.jpeg 768w, https:\/\/parisconcarlo.com\/es\/wp-content\/uploads\/sites\/4\/2022\/12\/cosas-gratis-300x202.jpeg 300w, https:\/\/parisconcarlo.com\/es\/wp-content\/uploads\/sites\/4\/2022\/12\/cosas-gratis.jpeg 900w\" sizes=\"(max-width: 768px) 100vw, 768px\" \/>\t\t\t<\/div>\n\t\t<\/a><!-- .post-thumbnail -->\n\t\t\t\t<div class=\"entry-content-wrap\">\n\t\t\t<header class=\"entry-header\">\n\t\t<div class=\"entry-taxonomies\">\n\t\t<span class=\"category-links term-links category-style-normal\">\n\t\t\t<a href=\"https:\/\/parisconcarlo.com\/es\/.\/itinerarios-por-paris\/\" class=\"category-link-itinerarios-por-paris\" rel=\"tag\">Itinerarios por Par\u00eds<\/a>\t\t<\/span>\n\t<\/div><!-- .entry-taxonomies -->\n\t<h2 class=\"entry-title\"><a href=\"https:\/\/parisconcarlo.com\/es\/cosas-gratis-para-hacer-en-paris\/\" rel=\"bookmark\">Cosas gratis para hacer en Par\u00eds<\/a><\/h2>\t<div class=\"entry-meta entry-meta-divider-dot\">\n\t<span class=\"posted-by\"><span class=\"meta-label\">Por<\/span><span class=\"author vcard\"><span class=\"fn n\">Carlo Galici<\/span><\/span><\/span>\t\t\t<span class=\"posted-on\">\n\t\t\t\t<time class=\"entry-date published\" datetime=\"2022-12-30T11:24:38+01:00\">30 diciembre 2022<\/time><time class=\"updated\" datetime=\"2024-04-15T17:20:44+02:00\">15 abril 2024<\/time>\t\t\t<\/span>\n\t\t\t\t<\/div><!-- .entry-meta -->\n\t<\/header><!-- .entry-header -->\n\t<div class=\"entry-summary\">\n\t\t<p>Las palabras gratis y Par\u00eds normalmente parecer\u00edan un ox\u00edmoron, considerando la imagen que tenemos de la capital francesa; al fin y al cabo, Par\u00eds es la capital de la moda, el lujo y los restaurantes franceses con estrellas. Pero al mismo tiempo no olvidemos que Par\u00eds y Francia en general reservan la entrada gratuita a&#8230;<\/p>\n\t<\/div><!-- .entry-summary -->\n\t<footer class=\"entry-footer\">\n\t\t\t<div class=\"entry-actions\">\n\t\t\t<p class=\"more-link-wrap\">\n\t\t\t\t<a href=\"https:\/\/parisconcarlo.com\/es\/cosas-gratis-para-hacer-en-paris\/\" class=\"post-more-link\">\n\t\t\t\t\tLeer m\u00e1s<span class=\"screen-reader-text\"> Cosas gratis para hacer en Par\u00eds<\/span><span class=\"kadence-svg-iconset svg-baseline\"><svg aria-hidden=\"true\" class=\"kadence-svg-icon kadence-arrow-right-alt-svg\" fill=\"currentColor\" version=\"1.1\" xmlns=\"http:\/\/www.w3.org\/2000\/svg\" width=\"27\" height=\"28\" viewBox=\"0 0 27 28\"><title>Continuar<\/title><path d=\"M27 13.953c0 0.141-0.063 0.281-0.156 0.375l-6 5.531c-0.156 0.141-0.359 0.172-0.547 0.094-0.172-0.078-0.297-0.25-0.297-0.453v-3.5h-19.5c-0.281 0-0.5-0.219-0.5-0.5v-3c0-0.281 0.219-0.5 0.5-0.5h19.5v-3.5c0-0.203 0.109-0.375 0.297-0.453s0.391-0.047 0.547 0.078l6 5.469c0.094 0.094 0.156 0.219 0.156 0.359v0z\"><\/path>\n\t\t\t<\/svg><\/span>\t\t\t\t<\/a>\n\t\t\t<\/p>\n\t\t<\/div><!-- .entry-actions -->\n\t\t<\/footer><!-- .entry-footer -->\t\t<\/div>\n\t<\/article>\n<\/li>\n<li class=\"kb-post-list-item\">\n\t<article class=\"entry content-bg loop-entry post-280 post type-post status-publish format-standard has-post-thumbnail hentry category-itinerarios-por-paris\">\n\t\t\t\t<a aria-hidden=\"true\" tabindex=\"-1\" role=\"presentation\" class=\"post-thumbnail kadence-thumbnail-ratio-2-3\" href=\"https:\/\/parisconcarlo.com\/es\/piscinas-en-paris\/\" aria-label=\"Piscinas en Par\u00eds\">\n\t\t\t<div class=\"post-thumbnail-inner\">\n\t\t\t\t<img decoding=\"async\" width=\"600\" height=\"450\" src=\"https:\/\/parisconcarlo.com\/es\/wp-content\/uploads\/sites\/4\/2022\/10\/aquaboulevard-paris-lightbox-1.jpg\" class=\"attachment-medium_large size-medium_large wp-post-image\" alt=\"Las piscinas de Par\u00eds para los turistas\" srcset=\"https:\/\/parisconcarlo.com\/es\/wp-content\/uploads\/sites\/4\/2022\/10\/aquaboulevard-paris-lightbox-1.jpg 600w, https:\/\/parisconcarlo.com\/es\/wp-content\/uploads\/sites\/4\/2022\/10\/aquaboulevard-paris-lightbox-1-300x225.jpg 300w\" sizes=\"(max-width: 600px) 100vw, 600px\" \/>\t\t\t<\/div>\n\t\t<\/a><!-- .post-thumbnail -->\n\t\t\t\t<div class=\"entry-content-wrap\">\n\t\t\t<header class=\"entry-header\">\n\t\t<div class=\"entry-taxonomies\">\n\t\t<span class=\"category-links term-links category-style-normal\">\n\t\t\t<a href=\"https:\/\/parisconcarlo.com\/es\/.\/itinerarios-por-paris\/\" class=\"category-link-itinerarios-por-paris\" rel=\"tag\">Itinerarios por Par\u00eds<\/a>\t\t<\/span>\n\t<\/div><!-- .entry-taxonomies -->\n\t<h2 class=\"entry-title\"><a href=\"https:\/\/parisconcarlo.com\/es\/piscinas-en-paris\/\" rel=\"bookmark\">Piscinas en Par\u00eds<\/a><\/h2>\t<div class=\"entry-meta entry-meta-divider-dot\">\n\t<span class=\"posted-by\"><span class=\"meta-label\">Por<\/span><span class=\"author vcard\"><span class=\"fn n\">Carlo Galici<\/span><\/span><\/span>\t\t\t<span class=\"posted-on\">\n\t\t\t\t<time class=\"entry-date published\" datetime=\"2022-10-29T08:19:53+02:00\">29 octubre 2022<\/time><time class=\"updated\" datetime=\"2024-04-15T17:20:44+02:00\">15 abril 2024<\/time>\t\t\t<\/span>\n\t\t\t\t<\/div><!-- .entry-meta -->\n\t<\/header><!-- .entry-header -->\n\t<div class=\"entry-summary\">\n\t\t<p>En Par\u00eds est\u00e1n la Torre Eiffel, el Louvre, el Moulin Rouge y el barrio de los artistas: si hasta ahora se cre\u00eda que en la Ville Lumiere hab\u00eda de todo, las temperaturas africanas que azotan los veranos han dejado a\u00fan m\u00e1s claro que aqu\u00ed falta el mar. Es cierto que no es poca cosa, pero&#8230;<\/p>\n\t<\/div><!-- .entry-summary -->\n\t<footer class=\"entry-footer\">\n\t\t\t<div class=\"entry-actions\">\n\t\t\t<p class=\"more-link-wrap\">\n\t\t\t\t<a href=\"https:\/\/parisconcarlo.com\/es\/piscinas-en-paris\/\" class=\"post-more-link\">\n\t\t\t\t\tLeer m\u00e1s<span class=\"screen-reader-text\"> Piscinas en Par\u00eds<\/span><span class=\"kadence-svg-iconset svg-baseline\"><svg aria-hidden=\"true\" class=\"kadence-svg-icon kadence-arrow-right-alt-svg\" fill=\"currentColor\" version=\"1.1\" xmlns=\"http:\/\/www.w3.org\/2000\/svg\" width=\"27\" height=\"28\" viewBox=\"0 0 27 28\"><title>Continuar<\/title><path d=\"M27 13.953c0 0.141-0.063 0.281-0.156 0.375l-6 5.531c-0.156 0.141-0.359 0.172-0.547 0.094-0.172-0.078-0.297-0.25-0.297-0.453v-3.5h-19.5c-0.281 0-0.5-0.219-0.5-0.5v-3c0-0.281 0.219-0.5 0.5-0.5h19.5v-3.5c0-0.203 0.109-0.375 0.297-0.453s0.391-0.047 0.547 0.078l6 5.469c0.094 0.094 0.156 0.219 0.156 0.359v0z\"><\/path>\n\t\t\t<\/svg><\/span>\t\t\t\t<\/a>\n\t\t\t<\/p>\n\t\t<\/div><!-- .entry-actions -->\n\t\t<\/footer><!-- .entry-footer -->\t\t<\/div>\n\t<\/article>\n<\/li>\n<li class=\"kb-post-list-item\">\n\t<article class=\"entry content-bg loop-entry post-276 post type-post status-publish format-standard has-post-thumbnail hentry category-itinerarios-por-paris\">\n\t\t\t\t<a aria-hidden=\"true\" tabindex=\"-1\" role=\"presentation\" class=\"post-thumbnail kadence-thumbnail-ratio-2-3\" href=\"https:\/\/parisconcarlo.com\/es\/mejores-vistas-de-paris\/\" aria-label=\"Mejores miradores de Par\u00eds\">\n\t\t\t<div class=\"post-thumbnail-inner\">\n\t\t\t\t<img decoding=\"async\" width=\"600\" height=\"450\" src=\"https:\/\/parisconcarlo.com\/es\/wp-content\/uploads\/sites\/4\/2022\/10\/mejores-miradores-de-Paris.jpeg\" class=\"attachment-medium_large size-medium_large wp-post-image\" alt=\"Mejores miradores de Par\u00eds\" srcset=\"https:\/\/parisconcarlo.com\/es\/wp-content\/uploads\/sites\/4\/2022\/10\/mejores-miradores-de-Paris.jpeg 600w, https:\/\/parisconcarlo.com\/es\/wp-content\/uploads\/sites\/4\/2022\/10\/mejores-miradores-de-Paris-300x225.jpeg 300w\" sizes=\"(max-width: 600px) 100vw, 600px\" \/>\t\t\t<\/div>\n\t\t<\/a><!-- .post-thumbnail -->\n\t\t\t\t<div class=\"entry-content-wrap\">\n\t\t\t<header class=\"entry-header\">\n\t\t<div class=\"entry-taxonomies\">\n\t\t<span class=\"category-links term-links category-style-normal\">\n\t\t\t<a href=\"https:\/\/parisconcarlo.com\/es\/.\/itinerarios-por-paris\/\" class=\"category-link-itinerarios-por-paris\" rel=\"tag\">Itinerarios por Par\u00eds<\/a>\t\t<\/span>\n\t<\/div><!-- .entry-taxonomies -->\n\t<h2 class=\"entry-title\"><a href=\"https:\/\/parisconcarlo.com\/es\/mejores-vistas-de-paris\/\" rel=\"bookmark\">Mejores miradores de Par\u00eds<\/a><\/h2>\t<div class=\"entry-meta entry-meta-divider-dot\">\n\t<span class=\"posted-by\"><span class=\"meta-label\">Por<\/span><span class=\"author vcard\"><span class=\"fn n\">Carlo Galici<\/span><\/span><\/span>\t\t\t<span class=\"posted-on\">\n\t\t\t\t<time class=\"entry-date published\" datetime=\"2022-10-29T08:15:18+02:00\">29 octubre 2022<\/time><time class=\"updated\" datetime=\"2024-04-15T17:20:44+02:00\">15 abril 2024<\/time>\t\t\t<\/span>\n\t\t\t\t<\/div><!-- .entry-meta -->\n\t<\/header><!-- .entry-header -->\n\t<div class=\"entry-summary\">\n\t\t<p>Descubrir Par\u00eds desde una perspectiva impresionante es una experiencia inolvidable. En este art\u00edculo, exploraremos los mejores miradores de la ciudad, ofreciendo impresionantes vistas de sus monumentos y paisajes urbanos emblem\u00e1ticos. Vista desde la Bas\u00edlica del Sagrado Coraz\u00f3n La Bas\u00edlica del Sagrado Coraz\u00f3n es una de las visitas obligadas en Par\u00eds. S\u00f3lo desde la base la&#8230;<\/p>\n\t<\/div><!-- .entry-summary -->\n\t<footer class=\"entry-footer\">\n\t\t\t<div class=\"entry-actions\">\n\t\t\t<p class=\"more-link-wrap\">\n\t\t\t\t<a href=\"https:\/\/parisconcarlo.com\/es\/mejores-vistas-de-paris\/\" class=\"post-more-link\">\n\t\t\t\t\tLeer m\u00e1s<span class=\"screen-reader-text\"> Mejores miradores de Par\u00eds<\/span><span class=\"kadence-svg-iconset svg-baseline\"><svg aria-hidden=\"true\" class=\"kadence-svg-icon kadence-arrow-right-alt-svg\" fill=\"currentColor\" version=\"1.1\" xmlns=\"http:\/\/www.w3.org\/2000\/svg\" width=\"27\" height=\"28\" viewBox=\"0 0 27 28\"><title>Continuar<\/title><path d=\"M27 13.953c0 0.141-0.063 0.281-0.156 0.375l-6 5.531c-0.156 0.141-0.359 0.172-0.547 0.094-0.172-0.078-0.297-0.25-0.297-0.453v-3.5h-19.5c-0.281 0-0.5-0.219-0.5-0.5v-3c0-0.281 0.219-0.5 0.5-0.5h19.5v-3.5c0-0.203 0.109-0.375 0.297-0.453s0.391-0.047 0.547 0.078l6 5.469c0.094 0.094 0.156 0.219 0.156 0.359v0z\"><\/path>\n\t\t\t<\/svg><\/span>\t\t\t\t<\/a>\n\t\t\t<\/p>\n\t\t<\/div><!-- .entry-actions -->\n\t\t<\/footer><!-- .entry-footer -->\t\t<\/div>\n\t<\/article>\n<\/li>\n<li class=\"kb-post-list-item\">\n\t<article class=\"entry content-bg loop-entry post-272 post type-post status-publish format-standard has-post-thumbnail hentry category-itinerarios-por-paris\">\n\t\t\t\t<a aria-hidden=\"true\" tabindex=\"-1\" role=\"presentation\" class=\"post-thumbnail kadence-thumbnail-ratio-2-3\" href=\"https:\/\/parisconcarlo.com\/es\/que-hacer-en-paris-cuando-llueve\/\" aria-label=\"Qu\u00e9 hacer en Par\u00eds cuando llueve\">\n\t\t\t<div class=\"post-thumbnail-inner\">\n\t\t\t\t<img decoding=\"async\" width=\"600\" height=\"405\" src=\"https:\/\/parisconcarlo.com\/es\/wp-content\/uploads\/sites\/4\/2022\/10\/que-hacer-en-paris-cuando-llueve.jpeg\" class=\"attachment-medium_large size-medium_large wp-post-image\" alt=\"Qu\u00e9 hacer en Par\u00eds cuando llueve\" srcset=\"https:\/\/parisconcarlo.com\/es\/wp-content\/uploads\/sites\/4\/2022\/10\/que-hacer-en-paris-cuando-llueve.jpeg 600w, https:\/\/parisconcarlo.com\/es\/wp-content\/uploads\/sites\/4\/2022\/10\/que-hacer-en-paris-cuando-llueve-300x203.jpeg 300w\" sizes=\"(max-width: 600px) 100vw, 600px\" \/>\t\t\t<\/div>\n\t\t<\/a><!-- .post-thumbnail -->\n\t\t\t\t<div class=\"entry-content-wrap\">\n\t\t\t<header class=\"entry-header\">\n\t\t<div class=\"entry-taxonomies\">\n\t\t<span class=\"category-links term-links category-style-normal\">\n\t\t\t<a href=\"https:\/\/parisconcarlo.com\/es\/.\/itinerarios-por-paris\/\" class=\"category-link-itinerarios-por-paris\" rel=\"tag\">Itinerarios por Par\u00eds<\/a>\t\t<\/span>\n\t<\/div><!-- .entry-taxonomies -->\n\t<h2 class=\"entry-title\"><a href=\"https:\/\/parisconcarlo.com\/es\/que-hacer-en-paris-cuando-llueve\/\" rel=\"bookmark\">Qu\u00e9 hacer en Par\u00eds cuando llueve<\/a><\/h2>\t<div class=\"entry-meta entry-meta-divider-dot\">\n\t<span class=\"posted-by\"><span class=\"meta-label\">Por<\/span><span class=\"author vcard\"><span class=\"fn n\">Carlo Galici<\/span><\/span><\/span>\t\t\t<span class=\"posted-on\">\n\t\t\t\t<time class=\"entry-date published\" datetime=\"2022-10-29T08:09:28+02:00\">29 octubre 2022<\/time><time class=\"updated\" datetime=\"2024-04-15T17:20:44+02:00\">15 abril 2024<\/time>\t\t\t<\/span>\n\t\t\t\t<\/div><!-- .entry-meta -->\n\t<\/header><!-- .entry-header -->\n\t<div class=\"entry-summary\">\n\t\t<p>Estamos acostumbrados a ver ante nuestros ojos instant\u00e1neas de un Par\u00eds soleado con el Sena lleno de reflejos en el agua; sin embargo, a pesar de las habituales y adorables im\u00e1genes, incluso en la Ville Lumi\u00e8re podr\u00eda llover. Esto no deber\u00eda ponernos de mal humor, porque Par\u00eds es una ciudad que tiene mucho que ofrecer,&#8230;<\/p>\n\t<\/div><!-- .entry-summary -->\n\t<footer class=\"entry-footer\">\n\t\t\t<div class=\"entry-actions\">\n\t\t\t<p class=\"more-link-wrap\">\n\t\t\t\t<a href=\"https:\/\/parisconcarlo.com\/es\/que-hacer-en-paris-cuando-llueve\/\" class=\"post-more-link\">\n\t\t\t\t\tLeer m\u00e1s<span class=\"screen-reader-text\"> Qu\u00e9 hacer en Par\u00eds cuando llueve<\/span><span class=\"kadence-svg-iconset svg-baseline\"><svg aria-hidden=\"true\" class=\"kadence-svg-icon kadence-arrow-right-alt-svg\" fill=\"currentColor\" version=\"1.1\" xmlns=\"http:\/\/www.w3.org\/2000\/svg\" width=\"27\" height=\"28\" viewBox=\"0 0 27 28\"><title>Continuar<\/title><path d=\"M27 13.953c0 0.141-0.063 0.281-0.156 0.375l-6 5.531c-0.156 0.141-0.359 0.172-0.547 0.094-0.172-0.078-0.297-0.25-0.297-0.453v-3.5h-19.5c-0.281 0-0.5-0.219-0.5-0.5v-3c0-0.281 0.219-0.5 0.5-0.5h19.5v-3.5c0-0.203 0.109-0.375 0.297-0.453s0.391-0.047 0.547 0.078l6 5.469c0.094 0.094 0.156 0.219 0.156 0.359v0z\"><\/path>\n\t\t\t<\/svg><\/span>\t\t\t\t<\/a>\n\t\t\t<\/p>\n\t\t<\/div><!-- .entry-actions -->\n\t\t<\/footer><!-- .entry-footer -->\t\t<\/div>\n\t<\/article>\n<\/li>\n<\/ul>","protected":false},"excerpt":{"rendered":"","protected":false},"author":4,"featured_media":0,"parent":0,"menu_order":0,"comment_status":"closed","ping_status":"closed","template":"","meta":{"_kad_blocks_custom_css":"","_kad_blocks_head_custom_js":"","_kad_blocks_body_custom_js":"","_kad_blocks_footer_custom_js":"","_kad_post_transparent":"","_kad_post_title":"","_kad_post_layout":"","_kad_post_sidebar_id":"","_kad_post_content_style":"","_kad_post_vertical_padding":"","_kad_post_feature":"","_kad_post_feature_position":"","_kad_post_header":false,"_kad_post_footer":false,"_kad_post_classname":"","footnotes":""},"class_list":["post-2522","page","type-page","status-publish","hentry"],"yoast_head":"<!-- This site is optimized with the Yoast SEO plugin v27.1.1 - https:\/\/yoast.com\/product\/yoast-seo-wordpress\/ -->\n<title>Qu\u00e9 hacer en Par\u00eds: itinerarios con actividades imperdibles<\/title>\n<meta name=\"description\" content=\"Qu\u00e9 hacer en Par\u00eds: actividades que no debe perderte. Lee los itinerarios para descubrir los rincones m\u00e1s escondidos de Par\u00eds.\" \/>\n<meta name=\"robots\" content=\"index, follow, max-snippet:-1, max-image-preview:large, max-video-preview:-1\" \/>\n<link rel=\"canonical\" href=\"https:\/\/parisconcarlo.com\/es\/itinerarios-por-paris\/\" \/>\n<meta property=\"og:locale\" content=\"es_ES\" \/>\n<meta property=\"og:type\" content=\"article\" \/>\n<meta property=\"og:title\" content=\"Qu\u00e9 hacer en Par\u00eds: itinerarios con actividades imperdibles\" \/>\n<meta property=\"og:description\" content=\"Qu\u00e9 hacer en Par\u00eds: actividades que no debe perderte. Lee los itinerarios para descubrir los rincones m\u00e1s escondidos de Par\u00eds.\" \/>\n<meta property=\"og:url\" content=\"https:\/\/parisconcarlo.com\/es\/itinerarios-por-paris\/\" \/>\n<meta property=\"og:site_name\" content=\"Paris con Carlo\" \/>\n<meta property=\"article:modified_time\" content=\"2024-04-15T15:20:24+00:00\" \/>\n<meta name=\"twitter:card\" content=\"summary_large_image\" \/>\n<script type=\"application\/ld+json\" class=\"yoast-schema-graph\">{\"@context\":\"https:\/\/schema.org\",\"@graph\":[{\"@type\":\"WebPage\",\"@id\":\"https:\/\/parisconcarlo.com\/es\/itinerarios-por-paris\/\",\"url\":\"https:\/\/parisconcarlo.com\/es\/itinerarios-por-paris\/\",\"name\":\"Qu\u00e9 hacer en Par\u00eds: itinerarios con actividades imperdibles\",\"isPartOf\":{\"@id\":\"https:\/\/parisconcarlo.com\/es\/#website\"},\"datePublished\":\"2024-03-20T10:44:58+00:00\",\"dateModified\":\"2024-04-15T15:20:24+00:00\",\"description\":\"Qu\u00e9 hacer en Par\u00eds: actividades que no debe perderte. Lee los itinerarios para descubrir los rincones m\u00e1s escondidos de Par\u00eds.\",\"breadcrumb\":{\"@id\":\"https:\/\/parisconcarlo.com\/es\/itinerarios-por-paris\/#breadcrumb\"},\"inLanguage\":\"es\",\"potentialAction\":[{\"@type\":\"ReadAction\",\"target\":[\"https:\/\/parisconcarlo.com\/es\/itinerarios-por-paris\/\"]}]},{\"@type\":\"BreadcrumbList\",\"@id\":\"https:\/\/parisconcarlo.com\/es\/itinerarios-por-paris\/#breadcrumb\",\"itemListElement\":[{\"@type\":\"ListItem\",\"position\":1,\"name\":\"Home\",\"item\":\"https:\/\/parisconcarlo.com\/es\/\"},{\"@type\":\"ListItem\",\"position\":2,\"name\":\"Itinerarios por Par\u00eds\"}]},{\"@type\":\"WebSite\",\"@id\":\"https:\/\/parisconcarlo.com\/es\/#website\",\"url\":\"https:\/\/parisconcarlo.com\/es\/\",\"name\":\"Paris con Carlo\",\"description\":\"\",\"publisher\":{\"@id\":\"https:\/\/parisconcarlo.com\/es\/#organization\"},\"potentialAction\":[{\"@type\":\"SearchAction\",\"target\":{\"@type\":\"EntryPoint\",\"urlTemplate\":\"https:\/\/parisconcarlo.com\/es\/?s={search_term_string}\"},\"query-input\":{\"@type\":\"PropertyValueSpecification\",\"valueRequired\":true,\"valueName\":\"search_term_string\"}}],\"inLanguage\":\"es\"},{\"@type\":\"Organization\",\"@id\":\"https:\/\/parisconcarlo.com\/es\/#organization\",\"name\":\"Paris con Carlo\",\"url\":\"https:\/\/parisconcarlo.com\/es\/\",\"logo\":{\"@type\":\"ImageObject\",\"inLanguage\":\"es\",\"@id\":\"https:\/\/parisconcarlo.com\/es\/#\/schema\/logo\/image\/\",\"url\":\"https:\/\/parisconcarlo.com\/es\/wp-content\/uploads\/sites\/4\/2024\/03\/logo-parisconcarlo-horizontal-live-3.jpg\",\"contentUrl\":\"https:\/\/parisconcarlo.com\/es\/wp-content\/uploads\/sites\/4\/2024\/03\/logo-parisconcarlo-horizontal-live-3.jpg\",\"width\":700,\"height\":214,\"caption\":\"Paris con Carlo\"},\"image\":{\"@id\":\"https:\/\/parisconcarlo.com\/es\/#\/schema\/logo\/image\/\"}}]}<\/script>\n<!-- \/ Yoast SEO plugin. -->","yoast_head_json":{"title":"Qu\u00e9 hacer en Par\u00eds: itinerarios con actividades imperdibles","description":"Qu\u00e9 hacer en Par\u00eds: actividades que no debe perderte. Lee los itinerarios para descubrir los rincones m\u00e1s escondidos de Par\u00eds.","robots":{"index":"index","follow":"follow","max-snippet":"max-snippet:-1","max-image-preview":"max-image-preview:large","max-video-preview":"max-video-preview:-1"},"canonical":"https:\/\/parisconcarlo.com\/es\/itinerarios-por-paris\/","og_locale":"es_ES","og_type":"article","og_title":"Qu\u00e9 hacer en Par\u00eds: itinerarios con actividades imperdibles","og_description":"Qu\u00e9 hacer en Par\u00eds: actividades que no debe perderte. Lee los itinerarios para descubrir los rincones m\u00e1s escondidos de Par\u00eds.","og_url":"https:\/\/parisconcarlo.com\/es\/itinerarios-por-paris\/","og_site_name":"Paris con Carlo","article_modified_time":"2024-04-15T15:20:24+00:00","twitter_card":"summary_large_image","schema":{"@context":"https:\/\/schema.org","@graph":[{"@type":"WebPage","@id":"https:\/\/parisconcarlo.com\/es\/itinerarios-por-paris\/","url":"https:\/\/parisconcarlo.com\/es\/itinerarios-por-paris\/","name":"Qu\u00e9 hacer en Par\u00eds: itinerarios con actividades imperdibles","isPartOf":{"@id":"https:\/\/parisconcarlo.com\/es\/#website"},"datePublished":"2024-03-20T10:44:58+00:00","dateModified":"2024-04-15T15:20:24+00:00","description":"Qu\u00e9 hacer en Par\u00eds: actividades que no debe perderte. Lee los itinerarios para descubrir los rincones m\u00e1s escondidos de Par\u00eds.","breadcrumb":{"@id":"https:\/\/parisconcarlo.com\/es\/itinerarios-por-paris\/#breadcrumb"},"inLanguage":"es","potentialAction":[{"@type":"ReadAction","target":["https:\/\/parisconcarlo.com\/es\/itinerarios-por-paris\/"]}]},{"@type":"BreadcrumbList","@id":"https:\/\/parisconcarlo.com\/es\/itinerarios-por-paris\/#breadcrumb","itemListElement":[{"@type":"ListItem","position":1,"name":"Home","item":"https:\/\/parisconcarlo.com\/es\/"},{"@type":"ListItem","position":2,"name":"Itinerarios por Par\u00eds"}]},{"@type":"WebSite","@id":"https:\/\/parisconcarlo.com\/es\/#website","url":"https:\/\/parisconcarlo.com\/es\/","name":"Paris con Carlo","description":"","publisher":{"@id":"https:\/\/parisconcarlo.com\/es\/#organization"},"potentialAction":[{"@type":"SearchAction","target":{"@type":"EntryPoint","urlTemplate":"https:\/\/parisconcarlo.com\/es\/?s={search_term_string}"},"query-input":{"@type":"PropertyValueSpecification","valueRequired":true,"valueName":"search_term_string"}}],"inLanguage":"es"},{"@type":"Organization","@id":"https:\/\/parisconcarlo.com\/es\/#organization","name":"Paris con Carlo","url":"https:\/\/parisconcarlo.com\/es\/","logo":{"@type":"ImageObject","inLanguage":"es","@id":"https:\/\/parisconcarlo.com\/es\/#\/schema\/logo\/image\/","url":"https:\/\/parisconcarlo.com\/es\/wp-content\/uploads\/sites\/4\/2024\/03\/logo-parisconcarlo-horizontal-live-3.jpg","contentUrl":"https:\/\/parisconcarlo.com\/es\/wp-content\/uploads\/sites\/4\/2024\/03\/logo-parisconcarlo-horizontal-live-3.jpg","width":700,"height":214,"caption":"Paris con Carlo"},"image":{"@id":"https:\/\/parisconcarlo.com\/es\/#\/schema\/logo\/image\/"}}]}},"taxonomy_info":[],"featured_image_src_large":false,"author_info":{"display_name":"Carlo Galici","author_link":"https:\/\/parisconcarlo.com\/es\/author\/carlogalici\/"},"comment_info":"","_links":{"self":[{"href":"https:\/\/parisconcarlo.com\/es\/wp-json\/wp\/v2\/pages\/2522","targetHints":{"allow":["GET"]}}],"collection":[{"href":"https:\/\/parisconcarlo.com\/es\/wp-json\/wp\/v2\/pages"}],"about":[{"href":"https:\/\/parisconcarlo.com\/es\/wp-json\/wp\/v2\/types\/page"}],"author":[{"embeddable":true,"href":"https:\/\/parisconcarlo.com\/es\/wp-json\/wp\/v2\/users\/4"}],"replies":[{"embeddable":true,"href":"https:\/\/parisconcarlo.com\/es\/wp-json\/wp\/v2\/comments?post=2522"}],"version-history":[{"count":0,"href":"https:\/\/parisconcarlo.com\/es\/wp-json\/wp\/v2\/pages\/2522\/revisions"}],"wp:attachment":[{"href":"https:\/\/parisconcarlo.com\/es\/wp-json\/wp\/v2\/media?parent=2522"}],"curies":[{"name":"wp","href":"https:\/\/api.w.org\/{rel}","templated":true}]}}