{"id":207,"date":"2022-10-28T17:40:44","date_gmt":"2022-10-28T15:40:44","guid":{"rendered":"https:\/\/parisconcarlo.com\/es\/?page_id=207"},"modified":"2024-04-15T17:20:24","modified_gmt":"2024-04-15T15:20:24","slug":"festividades-en-francia","status":"publish","type":"page","link":"https:\/\/parisconcarlo.com\/es\/festividades-en-francia\/","title":{"rendered":"Festividades en Francia"},"content":{"rendered":"<style>.kb-table-of-content-nav.kb-table-of-content-id_2f54b1-3c .kb-table-of-content-wrap{padding-top:var(--global-kb-spacing-sm, 1.5rem);padding-right:var(--global-kb-spacing-sm, 1.5rem);padding-bottom:var(--global-kb-spacing-sm, 1.5rem);padding-left:var(--global-kb-spacing-sm, 1.5rem);background-color:#f2d115;}.kb-table-of-content-nav.kb-table-of-content-id_2f54b1-3c .kb-table-of-contents-title-wrap{padding-top:0px;padding-right:0px;padding-bottom:0px;padding-left:0px;}.kb-table-of-content-nav.kb-table-of-content-id_2f54b1-3c .kb-table-of-contents-title{font-weight:regular;font-style:normal;}.kb-table-of-content-nav.kb-table-of-content-id_2f54b1-3c .kb-table-of-content-wrap .kb-table-of-content-list{font-weight:regular;font-style:normal;margin-top:var(--global-kb-spacing-sm, 1.5rem);margin-right:0px;margin-bottom:0px;margin-left:0px;}.kb-table-of-content-nav.kb-table-of-content-id_2f54b1-3c .kb-toggle-icon-style-basiccircle .kb-table-of-contents-icon-trigger:after, .kb-table-of-content-nav.kb-table-of-content-id_2f54b1-3c .kb-toggle-icon-style-basiccircle .kb-table-of-contents-icon-trigger:before, .kb-table-of-content-nav.kb-table-of-content-id_2f54b1-3c .kb-toggle-icon-style-arrowcircle .kb-table-of-contents-icon-trigger:after, .kb-table-of-content-nav.kb-table-of-content-id_2f54b1-3c .kb-toggle-icon-style-arrowcircle .kb-table-of-contents-icon-trigger:before, .kb-table-of-content-nav.kb-table-of-content-id_2f54b1-3c .kb-toggle-icon-style-xclosecircle .kb-table-of-contents-icon-trigger:after, .kb-table-of-content-nav.kb-table-of-content-id_2f54b1-3c .kb-toggle-icon-style-xclosecircle .kb-table-of-contents-icon-trigger:before{background-color:#f2d115;}<\/style>\n\n\n<h2 class=\"wp-block-heading\">Enero<\/h2>\n\n\n<div class=\"wp-block-image\">\n<figure class=\"aligncenter size-full\"><img decoding=\"async\" width=\"800\" height=\"534\" src=\"https:\/\/parisconcarlo.com\/es\/wp-content\/uploads\/sites\/4\/2024\/03\/fin-de-ano-en-paris.jpeg\" alt=\"Fin de a\u00f1o en Par\u00eds\" class=\"wp-image-2596\" srcset=\"https:\/\/parisconcarlo.com\/es\/wp-content\/uploads\/sites\/4\/2024\/03\/fin-de-ano-en-paris.jpeg 800w, https:\/\/parisconcarlo.com\/es\/wp-content\/uploads\/sites\/4\/2024\/03\/fin-de-ano-en-paris-300x200.jpeg 300w, https:\/\/parisconcarlo.com\/es\/wp-content\/uploads\/sites\/4\/2024\/03\/fin-de-ano-en-paris-768x513.jpeg 768w\" sizes=\"(max-width: 800px) 100vw, 800px\" \/><figcaption class=\"wp-element-caption\">Fin de a\u00f1o en Par\u00eds<\/figcaption><\/figure>\n<\/div>\n\n\n<p>La <a href=\"https:\/\/parisconcarlo.com\/es\/fin-de-ano-en-paris\/\">Nochevieja<\/a> (Nouvelle Ann\u00e9e) se celebra el 1 de enero.<\/p>\n\n\n\n<p>El <strong>6 de enero<\/strong>, d\u00eda de Reyes, es tradici\u00f3n en Par\u00eds y en toda Francia el <a href=\"https:\/\/parisconcarlo.com\/es\/platos-tipicos-de-francia\/\">postre t\u00edpico<\/a>, las \u00ab<strong>Galettes des Rois<\/strong>\u00bb (postre de reyes), en honor a los Reyes Magos.<\/p>\n\n\n\n<p>En el norte de Francia se suele elaborar en hojaldre redondo y con relleno de almendra; en las regiones del sur, en cambio, se trata de un postre en forma de corona, enriquecido con fruta confitada: en ambos casos lleva en su interior una haba y quien entre los comensales de la tarta tenga la suerte de encontrarla ser\u00e1 el rey de El dia.<\/p>\n\n\n\n<p>Entre finales de enero y principios de febrero: <strong>A\u00f1o Nuevo chino<\/strong> que cae exactamente cuando hay luna nueva. Las celebraciones del A\u00f1o Nuevo chino, una de las fiestas m\u00e1s coloridas y alegres de la ciudad, <strong>involucran principalmente al distrito 13<\/strong>, que se convierte en un hervidero de carrozas y grupos de danza, bailes y acr\u00f3batas en los que dominan los colores amarillo y rojo.<\/p>\n\n\n\n<h2 class=\"wp-block-heading\">Febrero<\/h2>\n\n\n<div class=\"wp-block-image\">\n<figure class=\"aligncenter size-full\"><img decoding=\"async\" width=\"800\" height=\"499\" src=\"https:\/\/parisconcarlo.com\/es\/wp-content\/uploads\/sites\/4\/2024\/03\/san-valentino-en-Paris.jpeg\" alt=\"San Valent\u00edn en Par\u00eds: es uno de los destinos m\u00e1s rom\u00e1nticos\" class=\"wp-image-2595\" srcset=\"https:\/\/parisconcarlo.com\/es\/wp-content\/uploads\/sites\/4\/2024\/03\/san-valentino-en-Paris.jpeg 800w, https:\/\/parisconcarlo.com\/es\/wp-content\/uploads\/sites\/4\/2024\/03\/san-valentino-en-Paris-300x187.jpeg 300w, https:\/\/parisconcarlo.com\/es\/wp-content\/uploads\/sites\/4\/2024\/03\/san-valentino-en-Paris-768x479.jpeg 768w\" sizes=\"(max-width: 800px) 100vw, 800px\" \/><figcaption class=\"wp-element-caption\">San Valent\u00edn en Par\u00eds: es uno de los destinos m\u00e1s rom\u00e1nticos<\/figcaption><\/figure>\n<\/div>\n\n\n<p>El 2 de febrero es la <strong>Candelaria<\/strong>, festividad cat\u00f3lica que conmemora la presentaci\u00f3n de Cristo en el templo. Antiguamente, este d\u00eda marcaba la tradicional transici\u00f3n de la austeridad del invierno a una primavera m\u00e1s suave y marcaba el inicio de la siembra: hoy persiste la <strong>costumbre de consumir <a href=\"https:\/\/parisconcarlo.com\/es\/mejores-crepes-en-paris\/\">sabrosos crepes<\/a><\/strong>, signo de prosperidad.<\/p>\n\n\n\n<p>El 14 de febrero es el <strong>d\u00eda de San Valent\u00edn<\/strong>. Par\u00eds es uno de los destinos favorito para el d\u00eda de los enamorados.<\/p>\n\n\n\n<h2 class=\"wp-block-heading\">Marzo y Abril<\/h2>\n\n\n<div class=\"wp-block-image\">\n<figure class=\"aligncenter size-full\"><img decoding=\"async\" width=\"800\" height=\"535\" src=\"https:\/\/parisconcarlo.com\/es\/wp-content\/uploads\/sites\/4\/2024\/03\/semana-santa-en-paris.jpeg\" alt=\"Semana Santa en Par\u00eds\" class=\"wp-image-2594\" srcset=\"https:\/\/parisconcarlo.com\/es\/wp-content\/uploads\/sites\/4\/2024\/03\/semana-santa-en-paris.jpeg 800w, https:\/\/parisconcarlo.com\/es\/wp-content\/uploads\/sites\/4\/2024\/03\/semana-santa-en-paris-300x201.jpeg 300w, https:\/\/parisconcarlo.com\/es\/wp-content\/uploads\/sites\/4\/2024\/03\/semana-santa-en-paris-768x514.jpeg 768w\" sizes=\"(max-width: 800px) 100vw, 800px\" \/><figcaption class=\"wp-element-caption\">Semana Santa en Par\u00eds<\/figcaption><\/figure>\n<\/div>\n\n\n<p>Entre febrero y marzo: <strong>Carnaval<\/strong>. No todo el mundo sabe que <strong>Par\u00eds tiene un pasado como capital del Carnaval<\/strong>, una fiesta muy sentida y celebrada hasta los a\u00f1os cincuenta.<\/p>\n\n\n\n<p>En 1997 se reintrodujo, adquiriendo cada vez mayor popularidad con el tiempo y reafirm\u00e1ndose como uno de los Carnavales m\u00e1s prestigiosos del mundo.<\/p>\n\n\n\n<p>El <strong>domingo anterior al martes de Carnaval se realiza el desfile de carrozas aleg\u00f3ricas<\/strong>, mientras que a mediados de Cuaresma se celebra la Fiesta de las Lavanderas con la inversi\u00f3n de roles: las mujeres se disfrazan de reinas (entendido como reinas de las lavanderas) y los hombres de mujeres.<\/p>\n\n\n\n<p>En 2024 la <strong><a href=\"https:\/\/parisconcarlo.com\/es\/pascua-en-paris\/\">Semana Santa<\/a><\/strong> se celebrar\u00e1 el 31 de marzo. En <strong>Francia el lunes siguiente tambi\u00e9n es festivo<\/strong>. La Pascua celebra la resurrecci\u00f3n de Cristo de entre los muertos y los huevos son el s\u00edmbolo del renacimiento.<\/p>\n\n\n\n<p>Los ni\u00f1os suelen buscar chocolates escondidos por la casa y los comerciantes exponen algunos deliciosos.<\/p>\n\n\n\n<h2 class=\"wp-block-heading\">Mayo y Junio<\/h2>\n\n\n\n<p>El <strong>1 de mayo es la Fiesta del Trabajo<\/strong>: adem\u00e1s de las manifestaciones convocadas por los sindicatos obreros, en la tradici\u00f3n parisina se acostumbra decorar los interiores con lirios (s\u00edmbolo de buena suerte).<\/p>\n\n\n\n<p>El quinto jueves (correspondiente a 40 d\u00edas) despu\u00e9s de Pascua se <strong>celebra como el d\u00eda de la Ascensi\u00f3n<\/strong> (ascenso) de Jes\u00fas al cielo. Una solemnidad observada s\u00f3lo por los cristianos, en 2024 cae el 9 de mayo y representa el primer y tan esperado fin de semana del verano.<\/p>\n\n\n\n<p><strong>Pentecost\u00e9s se celebra 50 d\u00edas despu\u00e9s de Pascua<\/strong>, por lo que en 2024 caer\u00e1 el 20 de mayo. El lunes de Pentecost\u00e9s tambi\u00e9n es festivo. Es muy sentida la peregrinaci\u00f3n del carro del Sant\u00edsimo Sacramento desde la catedral de Chartres hasta Par\u00eds.<\/p>\n\n\n\n<p>En Francia, como en muchos otros pa\u00edses (aunque no en Espa\u00f1a), el <strong>D\u00eda del Padre se celebra el tercer domingo de junio<\/strong>, por lo que este a\u00f1o ser\u00e1 el 16 de junio.<\/p>\n\n\n\n<h2 class=\"wp-block-heading\">Julio<\/h2>\n\n\n<div class=\"wp-block-image\">\n<figure class=\"aligncenter size-full\"><img decoding=\"async\" width=\"800\" height=\"533\" src=\"https:\/\/parisconcarlo.com\/es\/wp-content\/uploads\/sites\/4\/2024\/03\/14-julio-en-Paris.jpeg\" alt=\"14 de julio en Par\u00eds: el desfile militar\" class=\"wp-image-2593\" srcset=\"https:\/\/parisconcarlo.com\/es\/wp-content\/uploads\/sites\/4\/2024\/03\/14-julio-en-Paris.jpeg 800w, https:\/\/parisconcarlo.com\/es\/wp-content\/uploads\/sites\/4\/2024\/03\/14-julio-en-Paris-300x200.jpeg 300w, https:\/\/parisconcarlo.com\/es\/wp-content\/uploads\/sites\/4\/2024\/03\/14-julio-en-Paris-768x512.jpeg 768w\" sizes=\"(max-width: 800px) 100vw, 800px\" \/><figcaption class=\"wp-element-caption\">14 de julio en Par\u00eds: el desfile militar<\/figcaption><\/figure>\n<\/div>\n\n\n<p>El <strong><a href=\"https:\/\/parisconcarlo.com\/es\/14-de-julio-francia\/\">14 de julio se celebra la fiesta nacional m\u00e1s importante<\/a><\/strong>: el D\u00eda de la Bastilla.<\/p>\n\n\n\n<p>En 1789 los ciudadanos franceses, conquistando la prisi\u00f3n s\u00edmbolo del Antiguo R\u00e9gimen, <strong>dieron vida a la Revoluci\u00f3n Francesa<\/strong>, preludio de una nueva era.<\/p>\n\n\n\n<p>El d\u00eda ofrece el desfile solemne en los <a href=\"https:\/\/parisconcarlo.com\/es\/campos-eliseos-de-paris\/\">Campos El\u00edseos<\/a>, seguido del discurso del presidente y, por la noche, un espect\u00e1culo de fuegos artificiales.<\/p>\n\n\n\n<h2 class=\"wp-block-heading\">Agosto<\/h2>\n\n\n\n<p>El 15 de agosto los cristianos <strong>recuerdan la Asunci\u00f3n de Mar\u00eda al cielo<\/strong>: no te pierdas la procesi\u00f3n que parte de <strong>Notre Dame<\/strong> y llena las calles de la ciudad.<\/p>\n\n\n\n<h2 class=\"wp-block-heading\">Noviembre<\/h2>\n\n\n\n<p>El d\u00eda de <strong>Todos los Santos<\/strong> se celebra el 1 de noviembre.<\/p>\n\n\n\n<p>El <strong>11 de noviembre es el d\u00eda dedicado a recordar el Armisticio<\/strong> que puso fin a la Primera Guerra Mundial: desfile solemne en los Campos El\u00edseos y colocaci\u00f3n de la ofrenda floral al pie del Arco de Triunfo.<\/p>\n\n\n\n<h2 class=\"wp-block-heading\">Diciembre<\/h2>\n\n\n<div class=\"wp-block-image\">\n<figure class=\"aligncenter size-full\"><img decoding=\"async\" width=\"800\" height=\"600\" src=\"https:\/\/parisconcarlo.com\/es\/wp-content\/uploads\/sites\/4\/2024\/03\/navidad-en-paris.jpeg\" alt=\"Navidad en Par\u00eds\" class=\"wp-image-2592\" srcset=\"https:\/\/parisconcarlo.com\/es\/wp-content\/uploads\/sites\/4\/2024\/03\/navidad-en-paris.jpeg 800w, https:\/\/parisconcarlo.com\/es\/wp-content\/uploads\/sites\/4\/2024\/03\/navidad-en-paris-300x225.jpeg 300w, https:\/\/parisconcarlo.com\/es\/wp-content\/uploads\/sites\/4\/2024\/03\/navidad-en-paris-768x576.jpeg 768w\" sizes=\"(max-width: 800px) 100vw, 800px\" \/><figcaption class=\"wp-element-caption\">Navidad en Par\u00eds<\/figcaption><\/figure>\n<\/div>\n\n\n<p>La <strong><a href=\"https:\/\/parisconcarlo.com\/es\/navidad-en-paris\/\">Navidad<\/a><\/strong> se celebra el 25 de diciembre: el ambiente de la ciudad en esta \u00e9poca es verdaderamente encantador. Las iluminaciones y pistas de hielo, los \u00e1rboles decorados y los mercados hacen que el ambiente sea a\u00fan m\u00e1s rom\u00e1ntico y atractivo.<\/p>\n\n\n\n<p>El <a href=\"https:\/\/parisconcarlo.com\/es\/fin-de-ano-en-paris\/\">31 de diciembre es la v\u00edspera del inicio del A\u00f1o Nuevo<\/a>.<\/p>\n","protected":false},"excerpt":{"rendered":"<p>Enero La Nochevieja (Nouvelle Ann\u00e9e) se celebra el 1 de enero. El 6 de enero, d\u00eda de Reyes, es tradici\u00f3n en Par\u00eds y en toda Francia el postre t\u00edpico, las \u00abGalettes des Rois\u00bb (postre de reyes), en honor a los Reyes Magos. En el norte de Francia se suele elaborar en hojaldre redondo y con&#8230;<\/p>\n","protected":false},"author":4,"featured_media":2597,"parent":0,"menu_order":0,"comment_status":"open","ping_status":"closed","template":"","meta":{"_kad_blocks_custom_css":"","_kad_blocks_head_custom_js":"","_kad_blocks_body_custom_js":"","_kad_blocks_footer_custom_js":"","_kad_post_transparent":"","_kad_post_title":"","_kad_post_layout":"","_kad_post_sidebar_id":"","_kad_post_content_style":"","_kad_post_vertical_padding":"","_kad_post_feature":"","_kad_post_feature_position":"","_kad_post_header":false,"_kad_post_footer":false,"_kad_post_classname":"","footnotes":""},"class_list":["post-207","page","type-page","status-publish","has-post-thumbnail","hentry"],"yoast_head":"<!-- This site is optimized with the Yoast SEO plugin v27.1.1 - https:\/\/yoast.com\/product\/yoast-seo-wordpress\/ -->\n<title>Vacaciones en Francia en 2024: todas las fiestas celebradas en Par\u00eds<\/title>\n<meta name=\"description\" content=\"Fiestas francesas: desde Nochevieja en Par\u00eds hasta todas las fiestas celebradas en Francia.\" \/>\n<meta name=\"robots\" content=\"index, follow, max-snippet:-1, max-image-preview:large, max-video-preview:-1\" \/>\n<link rel=\"canonical\" href=\"https:\/\/parisconcarlo.com\/es\/festividades-en-francia\/\" \/>\n<meta property=\"og:locale\" content=\"es_ES\" \/>\n<meta property=\"og:type\" content=\"article\" \/>\n<meta property=\"og:title\" content=\"Vacaciones en Francia en 2024: todas las fiestas celebradas en Par\u00eds\" \/>\n<meta property=\"og:description\" content=\"Fiestas francesas: desde Nochevieja en Par\u00eds hasta todas las fiestas celebradas en Francia.\" \/>\n<meta property=\"og:url\" content=\"https:\/\/parisconcarlo.com\/es\/festividades-en-francia\/\" \/>\n<meta property=\"og:site_name\" content=\"Paris con Carlo\" \/>\n<meta property=\"article:modified_time\" content=\"2024-04-15T15:20:24+00:00\" \/>\n<meta property=\"og:image\" content=\"https:\/\/parisconcarlo.com\/es\/wp-content\/uploads\/sites\/4\/2022\/10\/logo-viajes-a-paris.jpeg\" \/>\n\t<meta property=\"og:image:width\" content=\"623\" \/>\n\t<meta property=\"og:image:height\" content=\"188\" \/>\n\t<meta property=\"og:image:type\" content=\"image\/jpeg\" \/>\n<meta name=\"twitter:card\" content=\"summary_large_image\" \/>\n<meta name=\"twitter:image\" content=\"https:\/\/parisconcarlo.com\/es\/wp-content\/uploads\/sites\/4\/2022\/10\/logo-viajes-a-paris.jpeg\" \/>\n<meta name=\"twitter:label1\" content=\"Tiempo de lectura\" \/>\n\t<meta name=\"twitter:data1\" content=\"5 minutos\" \/>\n<script type=\"application\/ld+json\" class=\"yoast-schema-graph\">{\"@context\":\"https:\/\/schema.org\",\"@graph\":[{\"@type\":\"WebPage\",\"@id\":\"https:\/\/parisconcarlo.com\/es\/festividades-en-francia\/\",\"url\":\"https:\/\/parisconcarlo.com\/es\/festividades-en-francia\/\",\"name\":\"Vacaciones en Francia en 2024: todas las fiestas celebradas en Par\u00eds\",\"isPartOf\":{\"@id\":\"https:\/\/parisconcarlo.com\/es\/#website\"},\"primaryImageOfPage\":{\"@id\":\"https:\/\/parisconcarlo.com\/es\/festividades-en-francia\/#primaryimage\"},\"image\":{\"@id\":\"https:\/\/parisconcarlo.com\/es\/festividades-en-francia\/#primaryimage\"},\"thumbnailUrl\":\"https:\/\/parisconcarlo.com\/es\/wp-content\/uploads\/sites\/4\/2024\/03\/festividades-en-francia.jpeg\",\"datePublished\":\"2022-10-28T15:40:44+00:00\",\"dateModified\":\"2024-04-15T15:20:24+00:00\",\"description\":\"Fiestas francesas: desde Nochevieja en Par\u00eds hasta todas las fiestas celebradas en Francia.\",\"breadcrumb\":{\"@id\":\"https:\/\/parisconcarlo.com\/es\/festividades-en-francia\/#breadcrumb\"},\"inLanguage\":\"es\",\"potentialAction\":[{\"@type\":\"ReadAction\",\"target\":[\"https:\/\/parisconcarlo.com\/es\/festividades-en-francia\/\"]}]},{\"@type\":\"ImageObject\",\"inLanguage\":\"es\",\"@id\":\"https:\/\/parisconcarlo.com\/es\/festividades-en-francia\/#primaryimage\",\"url\":\"https:\/\/parisconcarlo.com\/es\/wp-content\/uploads\/sites\/4\/2024\/03\/festividades-en-francia.jpeg\",\"contentUrl\":\"https:\/\/parisconcarlo.com\/es\/wp-content\/uploads\/sites\/4\/2024\/03\/festividades-en-francia.jpeg\",\"width\":900,\"height\":600,\"caption\":\"Vacaciones en Francia en 2024: todas las fiestas celebradas en Par\u00eds\"},{\"@type\":\"BreadcrumbList\",\"@id\":\"https:\/\/parisconcarlo.com\/es\/festividades-en-francia\/#breadcrumb\",\"itemListElement\":[{\"@type\":\"ListItem\",\"position\":1,\"name\":\"Home\",\"item\":\"https:\/\/parisconcarlo.com\/es\/\"},{\"@type\":\"ListItem\",\"position\":2,\"name\":\"Festividades en Francia\"}]},{\"@type\":\"WebSite\",\"@id\":\"https:\/\/parisconcarlo.com\/es\/#website\",\"url\":\"https:\/\/parisconcarlo.com\/es\/\",\"name\":\"Paris con Carlo\",\"description\":\"\",\"publisher\":{\"@id\":\"https:\/\/parisconcarlo.com\/es\/#organization\"},\"potentialAction\":[{\"@type\":\"SearchAction\",\"target\":{\"@type\":\"EntryPoint\",\"urlTemplate\":\"https:\/\/parisconcarlo.com\/es\/?s={search_term_string}\"},\"query-input\":{\"@type\":\"PropertyValueSpecification\",\"valueRequired\":true,\"valueName\":\"search_term_string\"}}],\"inLanguage\":\"es\"},{\"@type\":\"Organization\",\"@id\":\"https:\/\/parisconcarlo.com\/es\/#organization\",\"name\":\"Paris con Carlo\",\"url\":\"https:\/\/parisconcarlo.com\/es\/\",\"logo\":{\"@type\":\"ImageObject\",\"inLanguage\":\"es\",\"@id\":\"https:\/\/parisconcarlo.com\/es\/#\/schema\/logo\/image\/\",\"url\":\"https:\/\/parisconcarlo.com\/es\/wp-content\/uploads\/sites\/4\/2024\/03\/logo-parisconcarlo-horizontal-live-3.jpg\",\"contentUrl\":\"https:\/\/parisconcarlo.com\/es\/wp-content\/uploads\/sites\/4\/2024\/03\/logo-parisconcarlo-horizontal-live-3.jpg\",\"width\":700,\"height\":214,\"caption\":\"Paris con Carlo\"},\"image\":{\"@id\":\"https:\/\/parisconcarlo.com\/es\/#\/schema\/logo\/image\/\"}}]}<\/script>\n<!-- \/ Yoast SEO plugin. -->","yoast_head_json":{"title":"Vacaciones en Francia en 2024: todas las fiestas celebradas en Par\u00eds","description":"Fiestas francesas: desde Nochevieja en Par\u00eds hasta todas las fiestas celebradas en Francia.","robots":{"index":"index","follow":"follow","max-snippet":"max-snippet:-1","max-image-preview":"max-image-preview:large","max-video-preview":"max-video-preview:-1"},"canonical":"https:\/\/parisconcarlo.com\/es\/festividades-en-francia\/","og_locale":"es_ES","og_type":"article","og_title":"Vacaciones en Francia en 2024: todas las fiestas celebradas en Par\u00eds","og_description":"Fiestas francesas: desde Nochevieja en Par\u00eds hasta todas las fiestas celebradas en Francia.","og_url":"https:\/\/parisconcarlo.com\/es\/festividades-en-francia\/","og_site_name":"Paris con Carlo","article_modified_time":"2024-04-15T15:20:24+00:00","og_image":[{"width":623,"height":188,"url":"https:\/\/parisconcarlo.com\/es\/wp-content\/uploads\/sites\/4\/2022\/10\/logo-viajes-a-paris.jpeg","type":"image\/jpeg"}],"twitter_card":"summary_large_image","twitter_image":"https:\/\/parisconcarlo.com\/es\/wp-content\/uploads\/sites\/4\/2022\/10\/logo-viajes-a-paris.jpeg","twitter_misc":{"Tiempo de lectura":"5 minutos"},"schema":{"@context":"https:\/\/schema.org","@graph":[{"@type":"WebPage","@id":"https:\/\/parisconcarlo.com\/es\/festividades-en-francia\/","url":"https:\/\/parisconcarlo.com\/es\/festividades-en-francia\/","name":"Vacaciones en Francia en 2024: todas las fiestas celebradas en Par\u00eds","isPartOf":{"@id":"https:\/\/parisconcarlo.com\/es\/#website"},"primaryImageOfPage":{"@id":"https:\/\/parisconcarlo.com\/es\/festividades-en-francia\/#primaryimage"},"image":{"@id":"https:\/\/parisconcarlo.com\/es\/festividades-en-francia\/#primaryimage"},"thumbnailUrl":"https:\/\/parisconcarlo.com\/es\/wp-content\/uploads\/sites\/4\/2024\/03\/festividades-en-francia.jpeg","datePublished":"2022-10-28T15:40:44+00:00","dateModified":"2024-04-15T15:20:24+00:00","description":"Fiestas francesas: desde Nochevieja en Par\u00eds hasta todas las fiestas celebradas en Francia.","breadcrumb":{"@id":"https:\/\/parisconcarlo.com\/es\/festividades-en-francia\/#breadcrumb"},"inLanguage":"es","potentialAction":[{"@type":"ReadAction","target":["https:\/\/parisconcarlo.com\/es\/festividades-en-francia\/"]}]},{"@type":"ImageObject","inLanguage":"es","@id":"https:\/\/parisconcarlo.com\/es\/festividades-en-francia\/#primaryimage","url":"https:\/\/parisconcarlo.com\/es\/wp-content\/uploads\/sites\/4\/2024\/03\/festividades-en-francia.jpeg","contentUrl":"https:\/\/parisconcarlo.com\/es\/wp-content\/uploads\/sites\/4\/2024\/03\/festividades-en-francia.jpeg","width":900,"height":600,"caption":"Vacaciones en Francia en 2024: todas las fiestas celebradas en Par\u00eds"},{"@type":"BreadcrumbList","@id":"https:\/\/parisconcarlo.com\/es\/festividades-en-francia\/#breadcrumb","itemListElement":[{"@type":"ListItem","position":1,"name":"Home","item":"https:\/\/parisconcarlo.com\/es\/"},{"@type":"ListItem","position":2,"name":"Festividades en Francia"}]},{"@type":"WebSite","@id":"https:\/\/parisconcarlo.com\/es\/#website","url":"https:\/\/parisconcarlo.com\/es\/","name":"Paris con Carlo","description":"","publisher":{"@id":"https:\/\/parisconcarlo.com\/es\/#organization"},"potentialAction":[{"@type":"SearchAction","target":{"@type":"EntryPoint","urlTemplate":"https:\/\/parisconcarlo.com\/es\/?s={search_term_string}"},"query-input":{"@type":"PropertyValueSpecification","valueRequired":true,"valueName":"search_term_string"}}],"inLanguage":"es"},{"@type":"Organization","@id":"https:\/\/parisconcarlo.com\/es\/#organization","name":"Paris con Carlo","url":"https:\/\/parisconcarlo.com\/es\/","logo":{"@type":"ImageObject","inLanguage":"es","@id":"https:\/\/parisconcarlo.com\/es\/#\/schema\/logo\/image\/","url":"https:\/\/parisconcarlo.com\/es\/wp-content\/uploads\/sites\/4\/2024\/03\/logo-parisconcarlo-horizontal-live-3.jpg","contentUrl":"https:\/\/parisconcarlo.com\/es\/wp-content\/uploads\/sites\/4\/2024\/03\/logo-parisconcarlo-horizontal-live-3.jpg","width":700,"height":214,"caption":"Paris con Carlo"},"image":{"@id":"https:\/\/parisconcarlo.com\/es\/#\/schema\/logo\/image\/"}}]}},"taxonomy_info":[],"featured_image_src_large":["https:\/\/parisconcarlo.com\/es\/wp-content\/uploads\/sites\/4\/2024\/03\/festividades-en-francia.jpeg",900,600,false],"author_info":{"display_name":"Carlo Galici","author_link":"https:\/\/parisconcarlo.com\/es\/author\/carlogalici\/"},"comment_info":"","_links":{"self":[{"href":"https:\/\/parisconcarlo.com\/es\/wp-json\/wp\/v2\/pages\/207","targetHints":{"allow":["GET"]}}],"collection":[{"href":"https:\/\/parisconcarlo.com\/es\/wp-json\/wp\/v2\/pages"}],"about":[{"href":"https:\/\/parisconcarlo.com\/es\/wp-json\/wp\/v2\/types\/page"}],"author":[{"embeddable":true,"href":"https:\/\/parisconcarlo.com\/es\/wp-json\/wp\/v2\/users\/4"}],"replies":[{"embeddable":true,"href":"https:\/\/parisconcarlo.com\/es\/wp-json\/wp\/v2\/comments?post=207"}],"version-history":[{"count":0,"href":"https:\/\/parisconcarlo.com\/es\/wp-json\/wp\/v2\/pages\/207\/revisions"}],"wp:featuredmedia":[{"embeddable":true,"href":"https:\/\/parisconcarlo.com\/es\/wp-json\/wp\/v2\/media\/2597"}],"wp:attachment":[{"href":"https:\/\/parisconcarlo.com\/es\/wp-json\/wp\/v2\/media?parent=207"}],"curies":[{"name":"wp","href":"https:\/\/api.w.org\/{rel}","templated":true}]}}