{"id":183,"date":"2022-10-28T17:22:51","date_gmt":"2022-10-28T15:22:51","guid":{"rendered":"https:\/\/parisconcarlo.com\/es\/?page_id=183"},"modified":"2024-04-15T17:20:24","modified_gmt":"2024-04-15T15:20:24","slug":"palacio-de-versalles","status":"publish","type":"page","link":"https:\/\/parisconcarlo.com\/es\/cerca-de-paris\/palacio-de-versalles\/","title":{"rendered":"Palacio de Versalles: c\u00f3mo visitarla, tours y entradas"},"content":{"rendered":"\n<p>Una vez en Par\u00eds, la <strong>visita al famoso Palacio de Versalles<\/strong>, a unos veinte kil\u00f3metros, es obligada.<\/p>\n\n\n\n<p>Versalles es hoy uno de los palacios m\u00e1s elegantes, ricos y suntuosos del mundo, <strong>declarado Patrimonio de la Humanidad por la UNESCO<\/strong> y destino de millones de turistas cada a\u00f1o.<\/p>\n\n\n\n<p><strong>Versalles, ante todo, es el <a href=\"https:\/\/es.wikipedia.org\/wiki\/Luis_XIV_de_Francia\" target=\"_blank\" rel=\"noopener\" title=\"Rey Sol\">Rey Sol<\/a><\/strong>. En esta ciudad, todo recuerda a Luis XIV, quien concibi\u00f3 personalmente el magn\u00edfico proyecto, estudi\u00f3 su construcci\u00f3n y cuid\u00f3 los detalles m\u00e1s insignificantes para rendir homenaje a su figura y, en consecuencia, hacer es un s\u00edmbolo del absolutismo y un homenaje magistral al Grand Si\u00e8cle.<\/p>\n\n\n\n<h2 class=\"wp-block-heading\">Algunos datos sobre el Palacio de Versalles<\/h2>\n\n\n\n<p>Con sus <strong>2.300 habitaciones, 67 grandes salones y m\u00e1s de 23.000 pinturas<\/strong>, esculturas y obras de arte de diversa \u00edndole, el Palacio de Versalles representa uno de los lugares hist\u00f3ricos m\u00e1s importantes e interesantes del mundo, adem\u00e1s de figurar entre los m\u00e1s grandes y majestuosos edificios existentes.<\/p>\n\n\n\n<p>En esta gu\u00eda visitaremos, aunque virtualmente, <strong>las salas del Palacio de Versalles, y tambi\u00e9n descubriremos juntos los jardines y el Gran Trianon<\/strong>.<\/p>\n\n\n\n<p>Pero primero veamos alguna informaci\u00f3n pr\u00e1ctica.<\/p>\n\n\n\n<h2 class=\"wp-block-heading\">C\u00f3mo llegar al Palacio de Versalles desde Par\u00eds<\/h2>\n\n\n\n<p>Para llegar al Palacio de Versalles <strong>necesitas tomar el RER C <\/strong>(<a href=\"https:\/\/parisconcarlo.com\/es\/rer-paris\/\" title=\"RER Par\u00eds\">m\u00e1s informaci\u00f3n sobre el RER<\/a>) y bajarte en la estaci\u00f3n Versailles \u2013 Rive Gauche.<\/p>\n\n\n\n<p>Cuando compre el boleto, debes especificar el destino, <strong>Versalles de hecho<\/strong>.<\/p>\n\n\n\n<p>Alternativamente, puedes tomar el tren SNCF (los ferrocarriles franceses) desde Paris Montparnasse y bajarse en Versailles Chantiers, o desde Paris Saint Lazare y bajarse en Versailles Rive Droite.<\/p>\n\n\n\n<h2 class=\"wp-block-heading\">Precios de las entradas para el Palacio de Versalles<\/h2>\n\n\n\n<p>Hay varios tipos de entradas, ya que hay diferentes cosas para ver.<\/p>\n\n\n<style>.wp-block-kadence-iconlist.kt-svg-icon-list-items183_99bf15-7a:not(.this-stops-third-party-issues){margin-top:0px;margin-bottom:0px;}.wp-block-kadence-iconlist.kt-svg-icon-list-items183_99bf15-7a ul.kt-svg-icon-list:not(.this-prevents-issues):not(.this-stops-third-party-issues):not(.tijsloc){margin-top:0px;margin-right:0px;margin-bottom:10px;margin-left:0px;}.wp-block-kadence-iconlist.kt-svg-icon-list-items183_99bf15-7a ul.kt-svg-icon-list{grid-row-gap:4px;}.wp-block-kadence-iconlist.kt-svg-icon-list-items183_99bf15-7a ul.kt-svg-icon-list .kt-svg-icon-list-item-wrap .kt-svg-icon-list-single{margin-right:10px;}<\/style>\n<div class=\"wp-block-kadence-iconlist kt-svg-icon-list-items kt-svg-icon-list-items183_99bf15-7a kt-svg-icon-list-columns-1 alignnone kt-list-icon-aligntop\"><ul class=\"kt-svg-icon-list\"><style>.kt-svg-icon-list-item-183_9c1f2d-e3 .kt-svg-icon-list-single{font-size:20px !important;color:var(--global-palette1, #3182CE) !important;}.kt-svg-icon-list-item-183_9c1f2d-e3 .kt-svg-icon-list-text mark.kt-highlight{background-color:unset;font-style:normal;color:#f76a0c;-webkit-box-decoration-break:clone;box-decoration-break:clone;padding-top:0px;padding-right:0px;padding-bottom:0px;padding-left:0px;}<\/style>\n<li class=\"wp-block-kadence-listitem kt-svg-icon-list-item-wrap kt-svg-icon-list-item-183_9c1f2d-e3 kt-svg-icon-list-style-default\"><span class=\"kb-svg-icon-wrap kb-svg-icon-fas_ticket-alt kt-svg-icon-list-single\"><svg viewBox=\"0 0 576 512\"  fill=\"currentColor\" xmlns=\"http:\/\/www.w3.org\/2000\/svg\"  aria-hidden=\"true\"><path d=\"M128 160h320v192H128V160zm400 96c0 26.51 21.49 48 48 48v96c0 26.51-21.49 48-48 48H48c-26.51 0-48-21.49-48-48v-96c26.51 0 48-21.49 48-48s-21.49-48-48-48v-96c0-26.51 21.49-48 48-48h480c26.51 0 48 21.49 48 48v96c-26.51 0-48 21.49-48 48zm-48-104c0-13.255-10.745-24-24-24H120c-13.255 0-24 10.745-24 24v208c0 13.255 10.745 24 24 24h336c13.255 0 24-10.745 24-24V152z\"\/><\/svg><\/span><span class=\"kt-svg-icon-list-text\"><strong>Entrada pasaporte<\/strong>: 27 \u20ac dos d\u00edas o 18 \u20ac un d\u00eda: es la entrada m\u00e1s completa e incluye la visita al Palacio, el Trianon, la Casa de Mar\u00eda Antonieta, los jardines y las exposiciones temporales. Tambi\u00e9n incluye la audiogu\u00eda en espa\u00f1ol.<\/span><\/li>\n\n\n<style>.kt-svg-icon-list-item-183_a58648-b3 .kt-svg-icon-list-single{font-size:20px !important;color:var(--global-palette1, #3182CE) !important;}.kt-svg-icon-list-item-183_a58648-b3 .kt-svg-icon-list-text mark.kt-highlight{background-color:unset;font-style:normal;color:#f76a0c;-webkit-box-decoration-break:clone;box-decoration-break:clone;padding-top:0px;padding-right:0px;padding-bottom:0px;padding-left:0px;}<\/style>\n<li class=\"wp-block-kadence-listitem kt-svg-icon-list-item-wrap kt-svg-icon-list-item-183_a58648-b3 kt-svg-icon-list-style-default\"><span class=\"kb-svg-icon-wrap kb-svg-icon-fas_ticket-alt kt-svg-icon-list-single\"><svg viewBox=\"0 0 576 512\"  fill=\"currentColor\" xmlns=\"http:\/\/www.w3.org\/2000\/svg\"  aria-hidden=\"true\"><path d=\"M128 160h320v192H128V160zm400 96c0 26.51 21.49 48 48 48v96c0 26.51-21.49 48-48 48H48c-26.51 0-48-21.49-48-48v-96c26.51 0 48-21.49 48-48s-21.49-48-48-48v-96c0-26.51 21.49-48 48-48h480c26.51 0 48 21.49 48 48v96c-26.51 0-48 21.49-48 48zm-48-104c0-13.255-10.745-24-24-24H120c-13.255 0-24 10.745-24 24v208c0 13.255 10.745 24 24 24h336c13.255 0 24-10.745 24-24V152z\"\/><\/svg><\/span><span class=\"kt-svg-icon-list-text\"><strong>Entrada al Palacio 15 \u20ac.<\/strong> Incluye entrada al Palacio de Versalles y exposiciones temporales. Tambi\u00e9n incluye la audiogu\u00eda en espa\u00f1ol.<\/span><\/li>\n\n\n<style>.kt-svg-icon-list-item-183_3f307d-5f .kt-svg-icon-list-single{font-size:20px !important;color:var(--global-palette1, #3182CE) !important;}.kt-svg-icon-list-item-183_3f307d-5f .kt-svg-icon-list-text mark.kt-highlight{background-color:unset;font-style:normal;color:#f76a0c;-webkit-box-decoration-break:clone;box-decoration-break:clone;padding-top:0px;padding-right:0px;padding-bottom:0px;padding-left:0px;}<\/style>\n<li class=\"wp-block-kadence-listitem kt-svg-icon-list-item-wrap kt-svg-icon-list-item-183_3f307d-5f kt-svg-icon-list-style-default\"><span class=\"kb-svg-icon-wrap kb-svg-icon-fas_ticket-alt kt-svg-icon-list-single\"><svg viewBox=\"0 0 576 512\"  fill=\"currentColor\" xmlns=\"http:\/\/www.w3.org\/2000\/svg\"  aria-hidden=\"true\"><path d=\"M128 160h320v192H128V160zm400 96c0 26.51 21.49 48 48 48v96c0 26.51-21.49 48-48 48H48c-26.51 0-48-21.49-48-48v-96c26.51 0 48-21.49 48-48s-21.49-48-48-48v-96c0-26.51 21.49-48 48-48h480c26.51 0 48 21.49 48 48v96c-26.51 0-48 21.49-48 48zm-48-104c0-13.255-10.745-24-24-24H120c-13.255 0-24 10.745-24 24v208c0 13.255 10.745 24 24 24h336c13.255 0 24-10.745 24-24V152z\"\/><\/svg><\/span><span class=\"kt-svg-icon-list-text\">Entrada para el Trianon 10 \u20ac. Incluye la entrada al Gran y Peque\u00f1o Trian\u00f3n ya la casa de Mar\u00eda Antonieta. Incluye la entrada a las exposiciones temporales que se celebran en el Gran Trian\u00f3n.<\/span><\/li>\n<\/ul><\/div>\n\n\n\n<div style=\"height:20px\" aria-hidden=\"true\" class=\"wp-block-spacer\"><\/div>\n\n\n\n<div data-gyg-href=\"https:\/\/widget.getyourguide.com\/default\/activities.frame\" data-gyg-locale-code=\"es-ES\" data-gyg-widget=\"activities\" data-gyg-number-of-items=\"5\" data-gyg-cmp=\"vypm3-versalles\" data-gyg-partner-id=\"EXCD7A5\" data-gyg-placement=\"content-middle\" data-gyg-q=\"versalles\"><\/div>\n\n\n\n<div style=\"height:20px\" aria-hidden=\"true\" class=\"wp-block-spacer\"><\/div>\n\n\n\n<h2 class=\"wp-block-heading\">Horario de apertura del Palacio de Versalles<\/h2>\n\n\n\n<h3 class=\"wp-block-heading\">Del 1 de abril al 31 de octubre (temporada alta)<\/h3>\n\n\n\n<ul class=\"wp-block-list\">\n<li><strong>Palacio<\/strong>: de 9 a 18:30 (6:30pm) todos los d\u00edas. Cerrado los lunes y el 1 de mayo.<\/li>\n\n\n\n<li><strong>Los palacios de Trianon y la Casa de Mar\u00eda Antonieta<\/strong>: de 12 a 18.30 todos los d\u00edas. Cerrado los lunes y el 1 de mayo.<\/li>\n\n\n\n<li><strong>Los jardines<\/strong>: est\u00e1n abiertos todos los d\u00edas de 8 a 20:30. Cierran a las 17.30 h los s\u00e1bados cuando hay espect\u00e1culo nocturno de fuentes. Cierran a las 18.30 h los d\u00edas 14 y 15 de julio.<\/li>\n\n\n\n<li><strong>El parque<\/strong> est\u00e1 abierto todos los d\u00edas de 8 a 20:30.<\/li>\n<\/ul>\n\n\n\n<h3 class=\"wp-block-heading\">Del 1 de noviembre al 31 de marzo (temporada baja)<\/h3>\n\n\n\n<ul class=\"wp-block-list\">\n<li><strong>Palacio<\/strong>: de 9 a 17:30 todos los d\u00edas excepto los lunes.<\/li>\n\n\n\n<li><strong>Los Palacios del Trian\u00f3n y la Casa de Mar\u00eda Antonieta<\/strong>: de 12 a 17.30 todos los d\u00edas excepto los lunes, que est\u00e1 cerrado.<\/li>\n\n\n\n<li><strong>Los jardines y el parque<\/strong>: est\u00e1n abiertos todos los d\u00edas de 8 a 18.<\/li>\n<\/ul>\n\n\n\n<p>Para m\u00e1s informaci\u00f3n <a href=\"https:\/\/es.chateauversailles.fr\/visitar\/informaciones-practicas\" target=\"_blank\" rel=\"noopener\" title=\"visita el sitio web oficial\">visita el sitio web oficial<\/a>.<\/p>\n\n\n\n<h2 class=\"wp-block-heading\">Informaci\u00f3n hist\u00f3rica sobre el Palacio de Versalles<\/h2>\n\n\n<div class=\"wp-block-image\">\n<figure class=\"aligncenter size-full\"><img decoding=\"async\" width=\"700\" height=\"456\" src=\"https:\/\/parisconcarlo.com\/es\/wp-content\/uploads\/sites\/4\/2022\/12\/orangerie-versalles.webp\" alt=\"Los jardines de Versalles\" class=\"wp-image-763\" srcset=\"https:\/\/parisconcarlo.com\/es\/wp-content\/uploads\/sites\/4\/2022\/12\/orangerie-versalles.webp 700w, https:\/\/parisconcarlo.com\/es\/wp-content\/uploads\/sites\/4\/2022\/12\/orangerie-versalles-300x195.webp 300w\" sizes=\"(max-width: 700px) 100vw, 700px\" \/><figcaption class=\"wp-element-caption\">Los jardines de Versalles<\/figcaption><\/figure>\n<\/div>\n\n\n<p><strong>Versalles fue comprada por el padre del Rey Sol<\/strong>, Luis XIII, para obtener un modesto pabell\u00f3n de caza. Luis XIV se enamor\u00f3 del Palacio desde ni\u00f1o y, cuando se hizo adulto, lo eligi\u00f3 como su lugar de residencia.<\/p>\n\n\n\n<p>El h\u00e1bitat natural, puramente pantanoso e insalubre, no lo desanim\u00f3 y, por el contrario, <strong>contrat\u00f3 a los mejores genios de la \u00e9poca que lograron transformarlo en uno de los jardines m\u00e1s bellos del mundo<\/strong>.<\/p>\n\n\n\n<p><strong>La envidia por la estupenda residencia de Nicolas Fouquet en Vaux-le-Vicomte<\/strong> llev\u00f3 a\u00fan m\u00e1s sus ambiciones al extremo: de hecho, no dud\u00f3 en hacer arrestar a su Superintendente de Finanzas y contratar a los mismos artistas para la obra que celebrar\u00eda eternamente su encanto y poder, en definitiva, su grandeza.<\/p>\n\n\n\n<p><strong>En la obra participaron los mejores artistas de la \u00e9poca<\/strong>: los arquitectos Le Vau y Mansart, el pintor Le Brun, el escultor Coysevox, el dise\u00f1ador de jardines Le Notre, el decorador Le Boulle, las obras hidr\u00e1ulicas fueron confiadas a Pietro Fancini y el cantante fue Moliere, quien la llam\u00f3 la isla encantada.<\/p>\n\n\n\n<p>Para realizar un capricho en una celebraci\u00f3n viva de su ego, espejo de su esp\u00edritu y de su gusto, no escatim\u00f3 en gastos: <strong>los costes estimados fueron de 400 millones de francos<\/strong>, las obras duraron de 1661 a 1682 y participaron m\u00e1s de 30.000 trabajadores.<\/p>\n\n\n\n<p><strong>Todos los caprichos del Rey Sol fueron cumplidos<\/strong> y siempre se mantuvo sordo a los pedidos de prudencia que le hac\u00eda el ministro Colbert, despidi\u00e9ndolo con un simple: <strong>Le Roi c&#8217;est moi<\/strong> (El Rey soy yo).<\/p>\n\n\n\n<p>Aqu\u00ed nada se dej\u00f3 al azar: las estancias se estructuraron de forma que reflejaran la centralidad del Rey Sol, con todas las estancias y cortesanos (unos 10.000, ego\u00edstamente acogidos para sentirse a\u00fan m\u00e1s importantes) que giraban en torno a \u00e9l; <strong>el d\u00eda estaba marcado por r\u00edgidas ceremonias<\/strong>, comenzando con la palanca y terminando con el rito del cocher.<\/p>\n\n\n\n<p><strong>Luis XIV necesitaba crear \u00absu\u00bb capital<\/strong>: Par\u00eds ya hab\u00eda sido testigo de demasiados acontecimientos y, para ello, Versalles era perfecto. La simbiosis que estableci\u00f3 con el Palacio fue, cuanto menos, visceral; de hecho, sol\u00eda repetir: <strong>L&#8217;Etat c&#8217;est moi. Versalles c&#8217;est moi<\/strong> (El Estado soy yo, Versalles soy yo).<\/p>\n\n\n\n<p>A los ojos de los visitantes contempor\u00e1neos, <strong>Versalles sigue siendo un monumento sin igual<\/strong>, un brillo de opulencia y magnificencia: aqu\u00ed nada es \u00fatil, todo es apariencia.<\/p>\n\n\n\n<p>Desde 1682, a\u00f1o en que Luis XIV traslada la residencia real, <strong>hasta 1789 Versalles fue la residencia de los reyes de Francia<\/strong>, recibiendo visitas de vencedores y vencidos, nobles de toga y espada, reinas oficiales y amantes secretos.<\/p>\n\n\n\n<p>En efecto, la riqueza se manifest\u00f3 ostentosamente, y la paciencia de la chusma miserable, cansada y hambrienta se desbord\u00f3 con una violencia y dureza inauditas con los dram\u00e1ticos acontecimientos de la Revoluci\u00f3n Francesa.<\/p>\n\n\n\n<p><strong>Versalles m\u00e1s tarde fue testigo de eventos muy importantes como la firma del Tratado de Paz de 1919<\/strong>, el G7 de 1982 y las sesiones parlamentarias de revisi\u00f3n constitucional.<\/p>\n\n\n\n<p>A pesar de todo, Versalles solo puede estar eternamente ligado a la figura radiante de su creador Luis XIV, cuyo esplendor y esplendor refleja cada d\u00eda.<\/p>\n\n\n<style>.kt-post-loop183_b1fbe1-56 .kadence-post-image{padding-top:0px;padding-right:0px;padding-bottom:0px;padding-left:0px;}.kt-post-loop183_b1fbe1-56 .kt-post-grid-wrap{gap:30px 30px;}.kt-post-loop183_b1fbe1-56 .kt-blocks-post-grid-item{border-top-left-radius:0px;border-top-right-radius:0px;border-bottom-right-radius:0px;border-bottom-left-radius:0px;border-top:1px solid #eeeeee;border-right:1px solid #eeeeee;border-bottom:1px solid #eeeeee;border-left:1px solid #eeeeee;overflow:hidden;}.kt-post-loop183_b1fbe1-56 .kt-blocks-post-grid-item .kt-blocks-post-grid-item-inner{padding-top:15px;padding-right:25px;padding-bottom:25px;padding-left:25px;}.kt-post-loop183_b1fbe1-56 .kt-blocks-post-grid-item header{padding-top:0px;padding-right:0px;padding-bottom:10px;padding-left:0px;margin-top:0px;margin-right:0px;margin-bottom:0px;margin-left:0px;}.kt-post-loop183_b1fbe1-56 .kt-blocks-post-grid-item .entry-title{padding-top:10px;padding-right:0px;padding-bottom:5px;padding-left:0px;margin-top:0px;margin-right:0px;margin-bottom:0px;margin-left:0px;font-size:24px;line-height:30px;}.kt-post-loop183_b1fbe1-56 .kt-blocks-post-grid-item .kt-blocks-post-top-meta{color:#777777;}.kt-post-loop183_b1fbe1-56 .kt-blocks-post-grid-item .kt-blocks-post-top-meta a{color:#777777;}.kt-post-loop183_b1fbe1-56 .kt-blocks-post-grid-item .kt-blocks-post-top-meta a:hover{color:#444444;}.kt-post-loop183_b1fbe1-56 .entry-content{padding-top:0px;padding-right:0px;padding-bottom:0px;padding-left:0px;margin-top:0px;margin-right:0px;margin-bottom:0px;margin-left:0px;}.kt-post-loop183_b1fbe1-56 .kt-blocks-post-footer{color:#777777;border-top-width:0px;border-right-width:0px;border-bottom-width:0px;border-left-width:0px;padding-top:0px;padding-right:0px;padding-bottom:0px;padding-left:0px;margin-top:0px;margin-right:0px;margin-bottom:0px;margin-left:0px;font-size:12px;line-height:20px;}.kt-post-loop183_b1fbe1-56 .entry-content:after{height:0px;}.kt-post-loop183_b1fbe1-56 .kt-blocks-post-footer a{color:#777777;}.kt-post-loop183_b1fbe1-56 .kt-blocks-post-footer a:hover{color:#444444;}.kt-post-loop183_b1fbe1-56 .kb-filter-item{border-top-width:0px;border-right-width:0px;border-bottom-width:2px;border-left-width:0px;padding-top:5px;padding-right:8px;padding-bottom:5px;padding-left:8px;margin-top:0px;margin-right:10px;margin-bottom:0px;margin-left:0px;}@media all and (max-width: 1024px){.kt-post-loop183_b1fbe1-56 .kt-blocks-post-grid-item{border-top:1px solid #eeeeee;border-right:1px solid #eeeeee;border-bottom:1px solid #eeeeee;border-left:1px solid #eeeeee;}}@media all and (max-width: 767px){.kt-post-loop183_b1fbe1-56 .kt-blocks-post-grid-item{border-top:1px solid #eeeeee;border-right:1px solid #eeeeee;border-bottom:1px solid #eeeeee;border-left:1px solid #eeeeee;}}<\/style><div class=\"wp-block-kadence-postgrid kt-blocks-post-loop-block alignnone kt-post-loop183_b1fbe1-56 kt-post-grid-layout-grid \"><div class=\"kt-post-grid-layout-grid-wrap kt-post-grid-wrap\" data-columns-xxl=\"2\" data-columns-xl=\"2\" data-columns-md=\"2\" data-columns-sm=\"2\" data-columns-xs=\"1\" data-columns-ss=\"1\"data-item-selector=\".kt-post-masonry-item\" aria-label=\"Post Carousel\"><article class=\"kt-blocks-post-grid-item post-189 post type-post status-publish format-standard has-post-thumbnail hentry category-palacio-de-versalles\"><div class=\"kt-blocks-post-grid-item-inner-wrap kt-feat-image-align-top kt-feat-image-mobile-align-top\"><div class=\"kadence-post-image\"><div class=\"kadence-post-image-intrisic kt-image-ratio-66-67\" style=\"padding-bottom:66.67%;\"><div class=\"kadence-post-image-inner-intrisic\"><a aria-hidden=\"true\" tabindex=\"-1\" role=\"presentation\" href=\"https:\/\/parisconcarlo.com\/es\/jardines-de-versalles\/\" aria-label=\"Jardines de Versalles: c\u00f3mo visitarlos, horarios, precios y fotos\" class=\"kadence-post-image-inner-wrap\"><img decoding=\"async\" width=\"900\" height=\"600\" src=\"https:\/\/parisconcarlo.com\/es\/wp-content\/uploads\/sites\/4\/2022\/12\/jardines-versalles.webp\" class=\"attachment-large size-large wp-post-image\" alt=\"Los Jardines de Versalles\" srcset=\"https:\/\/parisconcarlo.com\/es\/wp-content\/uploads\/sites\/4\/2022\/12\/jardines-versalles.webp 900w, https:\/\/parisconcarlo.com\/es\/wp-content\/uploads\/sites\/4\/2022\/12\/jardines-versalles-300x200.webp 300w, https:\/\/parisconcarlo.com\/es\/wp-content\/uploads\/sites\/4\/2022\/12\/jardines-versalles-768x512.webp 768w\" sizes=\"(max-width: 900px) 100vw, 900px\" \/><\/a><\/div><\/div><\/div><div class=\"kt-blocks-post-grid-item-inner\"><header><h2 class=\"entry-title\"><a href=\"https:\/\/parisconcarlo.com\/es\/jardines-de-versalles\/\">Jardines de Versalles: c\u00f3mo visitarlos, horarios, precios y fotos<\/a><\/h2><div class=\"kt-blocks-post-top-meta\"><div class=\"kt-blocks-post-author\"><span class=\"kt-blocks-author-pretext\">By <\/span><a href=\"https:\/\/parisconcarlo.com\/es\/author\/carlogalici\/\" class=\"kt-blocks-post-author-link fn\">Carlo Galici<\/a><\/div><div class=\"kt-blocks-meta-divider kt-blocks-meta-no-divider\"><\/div><div class=\"kt-blocks-post-author\"><span class=\"kt-blocks-category-pretext\">Posted in <\/span><span class=\"kt-blocks-categories\"><a href=\"https:\/\/parisconcarlo.com\/es\/.\/cerca-de-paris\/palacio-de-versalles\/\" class=\"category-link-palacio-de-versalles\" rel=\"tag\">Palacio de Versalles: c\u00f3mo visitarla, tours y entradas<\/a><\/span><\/div><\/div><\/header><div class=\"entry-content\">Adem\u00e1s de las bellezas presentes en el interior del Palacio de Versalles, los jardines, abiertos todos los d\u00edas, incluso los lunes cuando el Palacio de Versalles est\u00e1 cerrado, son una de las atracciones m\u00e1s hermosas y relajantes de esta ciudad ubicada a solo 20 km de Par\u00eds. Informaci\u00f3n \u00fatil Horario de apertura de los Jardines&#8230;<\/div><footer class=\"kt-blocks-post-footer\"><div class=\"kt-blocks-post-footer-left\"><\/div><div class=\"kt-blocks-post-footer-right\"><\/div><\/footer><\/div><\/div><\/article><article class=\"kt-blocks-post-grid-item post-185 post type-post status-publish format-standard has-post-thumbnail hentry category-palacio-de-versalles\"><div class=\"kt-blocks-post-grid-item-inner-wrap kt-feat-image-align-top kt-feat-image-mobile-align-top\"><div class=\"kadence-post-image\"><div class=\"kadence-post-image-intrisic kt-image-ratio-66-67\" style=\"padding-bottom:66.67%;\"><div class=\"kadence-post-image-inner-intrisic\"><a aria-hidden=\"true\" tabindex=\"-1\" role=\"presentation\" href=\"https:\/\/parisconcarlo.com\/es\/que-ver-en-el-palacio-de-versalles\/\" aria-label=\"Qu\u00e9 ver en el Palacio de Versalles\" class=\"kadence-post-image-inner-wrap\"><img decoding=\"async\" width=\"900\" height=\"740\" src=\"https:\/\/parisconcarlo.com\/es\/wp-content\/uploads\/sites\/4\/2022\/12\/que-ver-palacio-versalles.webp\" class=\"attachment-large size-large wp-post-image\" alt=\"Qu\u00e9 ver en el Palacio de Versalles\" srcset=\"https:\/\/parisconcarlo.com\/es\/wp-content\/uploads\/sites\/4\/2022\/12\/que-ver-palacio-versalles.webp 900w, https:\/\/parisconcarlo.com\/es\/wp-content\/uploads\/sites\/4\/2022\/12\/que-ver-palacio-versalles-300x247.webp 300w, https:\/\/parisconcarlo.com\/es\/wp-content\/uploads\/sites\/4\/2022\/12\/que-ver-palacio-versalles-768x631.webp 768w\" sizes=\"(max-width: 900px) 100vw, 900px\" \/><\/a><\/div><\/div><\/div><div class=\"kt-blocks-post-grid-item-inner\"><header><h2 class=\"entry-title\"><a href=\"https:\/\/parisconcarlo.com\/es\/que-ver-en-el-palacio-de-versalles\/\">Qu\u00e9 ver en el Palacio de Versalles<\/a><\/h2><div class=\"kt-blocks-post-top-meta\"><div class=\"kt-blocks-post-author\"><span class=\"kt-blocks-author-pretext\">By <\/span><a href=\"https:\/\/parisconcarlo.com\/es\/author\/carlogalici\/\" class=\"kt-blocks-post-author-link fn\">Carlo Galici<\/a><\/div><div class=\"kt-blocks-meta-divider kt-blocks-meta-no-divider\"><\/div><div class=\"kt-blocks-post-author\"><span class=\"kt-blocks-category-pretext\">Posted in <\/span><span class=\"kt-blocks-categories\"><a href=\"https:\/\/parisconcarlo.com\/es\/.\/cerca-de-paris\/palacio-de-versalles\/\" class=\"category-link-palacio-de-versalles\" rel=\"tag\">Palacio de Versalles: c\u00f3mo visitarla, tours y entradas<\/a><\/span><\/div><\/div><\/header><div class=\"entry-content\">La visita al Palacio de Versalles comienza entrando por lo que se llama el \u00abCoeur d&#8217;honneur\u00ab, la entrada principal. Las dimensiones del edificio son tan grandes que dejan a todos los visitantes en suspenso. Para comprender la ubicaci\u00f3n de los grandes apartamentos &#8211; Le Grands Appartements &#8211; que se encuentran tanto en el piso principal&#8230;<\/div><footer class=\"kt-blocks-post-footer\"><div class=\"kt-blocks-post-footer-left\"><\/div><div class=\"kt-blocks-post-footer-right\"><\/div><\/footer><\/div><\/div><\/article><\/div><\/div><!-- .wp-block-kadence-postgrid -->","protected":false},"excerpt":{"rendered":"<p>Una vez en Par\u00eds, la visita al famoso Palacio de Versalles, a unos veinte kil\u00f3metros, es obligada. Versalles es hoy uno de los palacios m\u00e1s elegantes, ricos y suntuosos del mundo, declarado Patrimonio de la Humanidad por la UNESCO y destino de millones de turistas cada a\u00f1o. Versalles, ante todo, es el Rey Sol. En&#8230;<\/p>\n","protected":false},"author":4,"featured_media":764,"parent":168,"menu_order":0,"comment_status":"open","ping_status":"closed","template":"","meta":{"_kad_blocks_custom_css":"","_kad_blocks_head_custom_js":"","_kad_blocks_body_custom_js":"","_kad_blocks_footer_custom_js":"","_kad_post_transparent":"","_kad_post_title":"","_kad_post_layout":"","_kad_post_sidebar_id":"","_kad_post_content_style":"","_kad_post_vertical_padding":"","_kad_post_feature":"","_kad_post_feature_position":"","_kad_post_header":false,"_kad_post_footer":false,"_kad_post_classname":"","footnotes":""},"class_list":["post-183","page","type-page","status-publish","has-post-thumbnail","hentry"],"yoast_head":"<!-- This site is optimized with the Yoast SEO plugin v27.1.1 - https:\/\/yoast.com\/product\/yoast-seo-wordpress\/ -->\n<title>Palacio de Versalles: precios de las entradas, horarios y c\u00f3mo llegar desde Par\u00eds<\/title>\n<meta name=\"description\" content=\"Informaci\u00f3n \u00fatil sobre c\u00f3mo llegar al Palacio de Versalles desde Par\u00eds y una historia detallada para descubrir las salas y los jardines.\" \/>\n<meta name=\"robots\" content=\"index, follow, max-snippet:-1, max-image-preview:large, max-video-preview:-1\" \/>\n<link rel=\"canonical\" href=\"https:\/\/parisconcarlo.com\/es\/cerca-de-paris\/palacio-de-versalles\/\" \/>\n<meta property=\"og:locale\" content=\"es_ES\" \/>\n<meta property=\"og:type\" content=\"article\" \/>\n<meta property=\"og:title\" content=\"Palacio de Versalles: precios de las entradas, horarios y c\u00f3mo llegar desde Par\u00eds\" \/>\n<meta property=\"og:description\" content=\"Informaci\u00f3n \u00fatil sobre c\u00f3mo llegar al Palacio de Versalles desde Par\u00eds y una historia detallada para descubrir las salas y los jardines.\" \/>\n<meta property=\"og:url\" content=\"https:\/\/parisconcarlo.com\/es\/cerca-de-paris\/palacio-de-versalles\/\" \/>\n<meta property=\"og:site_name\" content=\"Paris con Carlo\" \/>\n<meta property=\"article:modified_time\" content=\"2024-04-15T15:20:24+00:00\" \/>\n<meta property=\"og:image\" content=\"https:\/\/parisconcarlo.com\/es\/wp-content\/uploads\/sites\/4\/2022\/10\/logo-viajes-a-paris.jpeg\" \/>\n\t<meta property=\"og:image:width\" content=\"623\" \/>\n\t<meta property=\"og:image:height\" content=\"188\" \/>\n\t<meta property=\"og:image:type\" content=\"image\/jpeg\" \/>\n<meta name=\"twitter:card\" content=\"summary_large_image\" \/>\n<meta name=\"twitter:image\" content=\"https:\/\/parisconcarlo.com\/es\/wp-content\/uploads\/sites\/4\/2022\/10\/logo-viajes-a-paris.jpeg\" \/>\n<meta name=\"twitter:label1\" content=\"Tiempo de lectura\" \/>\n\t<meta name=\"twitter:data1\" content=\"6 minutos\" \/>\n<script type=\"application\/ld+json\" class=\"yoast-schema-graph\">{\"@context\":\"https:\/\/schema.org\",\"@graph\":[{\"@type\":\"WebPage\",\"@id\":\"https:\/\/parisconcarlo.com\/es\/cerca-de-paris\/palacio-de-versalles\/\",\"url\":\"https:\/\/parisconcarlo.com\/es\/cerca-de-paris\/palacio-de-versalles\/\",\"name\":\"Palacio de Versalles: precios de las entradas, horarios y c\u00f3mo llegar desde Par\u00eds\",\"isPartOf\":{\"@id\":\"https:\/\/parisconcarlo.com\/es\/#website\"},\"primaryImageOfPage\":{\"@id\":\"https:\/\/parisconcarlo.com\/es\/cerca-de-paris\/palacio-de-versalles\/#primaryimage\"},\"image\":{\"@id\":\"https:\/\/parisconcarlo.com\/es\/cerca-de-paris\/palacio-de-versalles\/#primaryimage\"},\"thumbnailUrl\":\"https:\/\/parisconcarlo.com\/es\/wp-content\/uploads\/sites\/4\/2022\/12\/visitar-palacio-de-versalles.webp\",\"datePublished\":\"2022-10-28T15:22:51+00:00\",\"dateModified\":\"2024-04-15T15:20:24+00:00\",\"description\":\"Informaci\u00f3n \u00fatil sobre c\u00f3mo llegar al Palacio de Versalles desde Par\u00eds y una historia detallada para descubrir las salas y los jardines.\",\"breadcrumb\":{\"@id\":\"https:\/\/parisconcarlo.com\/es\/cerca-de-paris\/palacio-de-versalles\/#breadcrumb\"},\"inLanguage\":\"es\",\"potentialAction\":[{\"@type\":\"ReadAction\",\"target\":[\"https:\/\/parisconcarlo.com\/es\/cerca-de-paris\/palacio-de-versalles\/\"]}]},{\"@type\":\"ImageObject\",\"inLanguage\":\"es\",\"@id\":\"https:\/\/parisconcarlo.com\/es\/cerca-de-paris\/palacio-de-versalles\/#primaryimage\",\"url\":\"https:\/\/parisconcarlo.com\/es\/wp-content\/uploads\/sites\/4\/2022\/12\/visitar-palacio-de-versalles.webp\",\"contentUrl\":\"https:\/\/parisconcarlo.com\/es\/wp-content\/uploads\/sites\/4\/2022\/12\/visitar-palacio-de-versalles.webp\",\"width\":900,\"height\":594,\"caption\":\"Visitar el Palacio de Versalles\"},{\"@type\":\"BreadcrumbList\",\"@id\":\"https:\/\/parisconcarlo.com\/es\/cerca-de-paris\/palacio-de-versalles\/#breadcrumb\",\"itemListElement\":[{\"@type\":\"ListItem\",\"position\":1,\"name\":\"Home\",\"item\":\"https:\/\/parisconcarlo.com\/es\/\"},{\"@type\":\"ListItem\",\"position\":2,\"name\":\"Cerca de Par\u00eds: qu\u00e9 ver en los alrededores\",\"item\":\"https:\/\/parisconcarlo.com\/es\/cerca-de-paris\/\"},{\"@type\":\"ListItem\",\"position\":3,\"name\":\"Palacio de Versalles: c\u00f3mo visitarla, tours y entradas\"}]},{\"@type\":\"WebSite\",\"@id\":\"https:\/\/parisconcarlo.com\/es\/#website\",\"url\":\"https:\/\/parisconcarlo.com\/es\/\",\"name\":\"Paris con Carlo\",\"description\":\"\",\"publisher\":{\"@id\":\"https:\/\/parisconcarlo.com\/es\/#organization\"},\"potentialAction\":[{\"@type\":\"SearchAction\",\"target\":{\"@type\":\"EntryPoint\",\"urlTemplate\":\"https:\/\/parisconcarlo.com\/es\/?s={search_term_string}\"},\"query-input\":{\"@type\":\"PropertyValueSpecification\",\"valueRequired\":true,\"valueName\":\"search_term_string\"}}],\"inLanguage\":\"es\"},{\"@type\":\"Organization\",\"@id\":\"https:\/\/parisconcarlo.com\/es\/#organization\",\"name\":\"Paris con Carlo\",\"url\":\"https:\/\/parisconcarlo.com\/es\/\",\"logo\":{\"@type\":\"ImageObject\",\"inLanguage\":\"es\",\"@id\":\"https:\/\/parisconcarlo.com\/es\/#\/schema\/logo\/image\/\",\"url\":\"https:\/\/parisconcarlo.com\/es\/wp-content\/uploads\/sites\/4\/2024\/03\/logo-parisconcarlo-horizontal-live-3.jpg\",\"contentUrl\":\"https:\/\/parisconcarlo.com\/es\/wp-content\/uploads\/sites\/4\/2024\/03\/logo-parisconcarlo-horizontal-live-3.jpg\",\"width\":700,\"height\":214,\"caption\":\"Paris con Carlo\"},\"image\":{\"@id\":\"https:\/\/parisconcarlo.com\/es\/#\/schema\/logo\/image\/\"}}]}<\/script>\n<!-- \/ Yoast SEO plugin. -->","yoast_head_json":{"title":"Palacio de Versalles: precios de las entradas, horarios y c\u00f3mo llegar desde Par\u00eds","description":"Informaci\u00f3n \u00fatil sobre c\u00f3mo llegar al Palacio de Versalles desde Par\u00eds y una historia detallada para descubrir las salas y los jardines.","robots":{"index":"index","follow":"follow","max-snippet":"max-snippet:-1","max-image-preview":"max-image-preview:large","max-video-preview":"max-video-preview:-1"},"canonical":"https:\/\/parisconcarlo.com\/es\/cerca-de-paris\/palacio-de-versalles\/","og_locale":"es_ES","og_type":"article","og_title":"Palacio de Versalles: precios de las entradas, horarios y c\u00f3mo llegar desde Par\u00eds","og_description":"Informaci\u00f3n \u00fatil sobre c\u00f3mo llegar al Palacio de Versalles desde Par\u00eds y una historia detallada para descubrir las salas y los jardines.","og_url":"https:\/\/parisconcarlo.com\/es\/cerca-de-paris\/palacio-de-versalles\/","og_site_name":"Paris con Carlo","article_modified_time":"2024-04-15T15:20:24+00:00","og_image":[{"width":623,"height":188,"url":"https:\/\/parisconcarlo.com\/es\/wp-content\/uploads\/sites\/4\/2022\/10\/logo-viajes-a-paris.jpeg","type":"image\/jpeg"}],"twitter_card":"summary_large_image","twitter_image":"https:\/\/parisconcarlo.com\/es\/wp-content\/uploads\/sites\/4\/2022\/10\/logo-viajes-a-paris.jpeg","twitter_misc":{"Tiempo de lectura":"6 minutos"},"schema":{"@context":"https:\/\/schema.org","@graph":[{"@type":"WebPage","@id":"https:\/\/parisconcarlo.com\/es\/cerca-de-paris\/palacio-de-versalles\/","url":"https:\/\/parisconcarlo.com\/es\/cerca-de-paris\/palacio-de-versalles\/","name":"Palacio de Versalles: precios de las entradas, horarios y c\u00f3mo llegar desde Par\u00eds","isPartOf":{"@id":"https:\/\/parisconcarlo.com\/es\/#website"},"primaryImageOfPage":{"@id":"https:\/\/parisconcarlo.com\/es\/cerca-de-paris\/palacio-de-versalles\/#primaryimage"},"image":{"@id":"https:\/\/parisconcarlo.com\/es\/cerca-de-paris\/palacio-de-versalles\/#primaryimage"},"thumbnailUrl":"https:\/\/parisconcarlo.com\/es\/wp-content\/uploads\/sites\/4\/2022\/12\/visitar-palacio-de-versalles.webp","datePublished":"2022-10-28T15:22:51+00:00","dateModified":"2024-04-15T15:20:24+00:00","description":"Informaci\u00f3n \u00fatil sobre c\u00f3mo llegar al Palacio de Versalles desde Par\u00eds y una historia detallada para descubrir las salas y los jardines.","breadcrumb":{"@id":"https:\/\/parisconcarlo.com\/es\/cerca-de-paris\/palacio-de-versalles\/#breadcrumb"},"inLanguage":"es","potentialAction":[{"@type":"ReadAction","target":["https:\/\/parisconcarlo.com\/es\/cerca-de-paris\/palacio-de-versalles\/"]}]},{"@type":"ImageObject","inLanguage":"es","@id":"https:\/\/parisconcarlo.com\/es\/cerca-de-paris\/palacio-de-versalles\/#primaryimage","url":"https:\/\/parisconcarlo.com\/es\/wp-content\/uploads\/sites\/4\/2022\/12\/visitar-palacio-de-versalles.webp","contentUrl":"https:\/\/parisconcarlo.com\/es\/wp-content\/uploads\/sites\/4\/2022\/12\/visitar-palacio-de-versalles.webp","width":900,"height":594,"caption":"Visitar el Palacio de Versalles"},{"@type":"BreadcrumbList","@id":"https:\/\/parisconcarlo.com\/es\/cerca-de-paris\/palacio-de-versalles\/#breadcrumb","itemListElement":[{"@type":"ListItem","position":1,"name":"Home","item":"https:\/\/parisconcarlo.com\/es\/"},{"@type":"ListItem","position":2,"name":"Cerca de Par\u00eds: qu\u00e9 ver en los alrededores","item":"https:\/\/parisconcarlo.com\/es\/cerca-de-paris\/"},{"@type":"ListItem","position":3,"name":"Palacio de Versalles: c\u00f3mo visitarla, tours y entradas"}]},{"@type":"WebSite","@id":"https:\/\/parisconcarlo.com\/es\/#website","url":"https:\/\/parisconcarlo.com\/es\/","name":"Paris con Carlo","description":"","publisher":{"@id":"https:\/\/parisconcarlo.com\/es\/#organization"},"potentialAction":[{"@type":"SearchAction","target":{"@type":"EntryPoint","urlTemplate":"https:\/\/parisconcarlo.com\/es\/?s={search_term_string}"},"query-input":{"@type":"PropertyValueSpecification","valueRequired":true,"valueName":"search_term_string"}}],"inLanguage":"es"},{"@type":"Organization","@id":"https:\/\/parisconcarlo.com\/es\/#organization","name":"Paris con Carlo","url":"https:\/\/parisconcarlo.com\/es\/","logo":{"@type":"ImageObject","inLanguage":"es","@id":"https:\/\/parisconcarlo.com\/es\/#\/schema\/logo\/image\/","url":"https:\/\/parisconcarlo.com\/es\/wp-content\/uploads\/sites\/4\/2024\/03\/logo-parisconcarlo-horizontal-live-3.jpg","contentUrl":"https:\/\/parisconcarlo.com\/es\/wp-content\/uploads\/sites\/4\/2024\/03\/logo-parisconcarlo-horizontal-live-3.jpg","width":700,"height":214,"caption":"Paris con Carlo"},"image":{"@id":"https:\/\/parisconcarlo.com\/es\/#\/schema\/logo\/image\/"}}]}},"taxonomy_info":[],"featured_image_src_large":["https:\/\/parisconcarlo.com\/es\/wp-content\/uploads\/sites\/4\/2022\/12\/visitar-palacio-de-versalles.webp",900,594,false],"author_info":{"display_name":"Carlo Galici","author_link":"https:\/\/parisconcarlo.com\/es\/author\/carlogalici\/"},"comment_info":"","_links":{"self":[{"href":"https:\/\/parisconcarlo.com\/es\/wp-json\/wp\/v2\/pages\/183","targetHints":{"allow":["GET"]}}],"collection":[{"href":"https:\/\/parisconcarlo.com\/es\/wp-json\/wp\/v2\/pages"}],"about":[{"href":"https:\/\/parisconcarlo.com\/es\/wp-json\/wp\/v2\/types\/page"}],"author":[{"embeddable":true,"href":"https:\/\/parisconcarlo.com\/es\/wp-json\/wp\/v2\/users\/4"}],"replies":[{"embeddable":true,"href":"https:\/\/parisconcarlo.com\/es\/wp-json\/wp\/v2\/comments?post=183"}],"version-history":[{"count":0,"href":"https:\/\/parisconcarlo.com\/es\/wp-json\/wp\/v2\/pages\/183\/revisions"}],"up":[{"embeddable":true,"href":"https:\/\/parisconcarlo.com\/es\/wp-json\/wp\/v2\/pages\/168"}],"wp:featuredmedia":[{"embeddable":true,"href":"https:\/\/parisconcarlo.com\/es\/wp-json\/wp\/v2\/media\/764"}],"wp:attachment":[{"href":"https:\/\/parisconcarlo.com\/es\/wp-json\/wp\/v2\/media?parent=183"}],"curies":[{"name":"wp","href":"https:\/\/api.w.org\/{rel}","templated":true}]}}